{"id":61,"date":"2022-01-16T07:55:38","date_gmt":"2022-01-16T07:55:38","guid":{"rendered":"https:\/\/franciscanashfic.org\/?page_id=61"},"modified":"2023-01-05T06:40:11","modified_gmt":"2023-01-05T06:40:11","slug":"apostolados","status":"publish","type":"page","link":"https:\/\/franciscanashfic.org\/index.php\/apostolados\/","title":{"rendered":"Apostolados"},"content":{"rendered":"<p>[et_pb_section fb_built=&#8221;1&#8243; _builder_version=&#8221;4.16&#8243; _module_preset=&#8221;default&#8221; custom_padding=&#8221;17px|||||&#8221; global_colors_info=&#8221;{}&#8221;][et_pb_row _builder_version=&#8221;4.16&#8243; _module_preset=&#8221;default&#8221; global_colors_info=&#8221;{}&#8221;][et_pb_column type=&#8221;4_4&#8243; _builder_version=&#8221;4.16&#8243; _module_preset=&#8221;default&#8221; global_colors_info=&#8221;{}&#8221;][et_pb_text _builder_version=&#8221;4.16&#8243; _module_preset=&#8221;default&#8221; header_2_font_size=&#8221;51px&#8221; global_colors_info=&#8221;{}&#8221;]<\/p>\n<h2>Nuestros apostolados<\/h2>\n<p>[\/et_pb_text][\/et_pb_column][\/et_pb_row][et_pb_row column_structure=&#8221;1_3,1_3,1_3&#8243; _builder_version=&#8221;4.16&#8243; _module_preset=&#8221;default&#8221; custom_padding=&#8221;||0px|||&#8221; global_colors_info=&#8221;{}&#8221;][et_pb_column type=&#8221;1_3&#8243; _builder_version=&#8221;4.16&#8243; _module_preset=&#8221;default&#8221; global_colors_info=&#8221;{}&#8221;][et_pb_blurb title=&#8221;Pastoral de la educaci\u00f3n&#8221; image=&#8221;https:\/\/franciscanashfic.org\/wp-content\/uploads\/2022\/01\/pastoral_educativa.png&#8221; image_icon_width=&#8221;50%&#8221; _builder_version=&#8221;4.19.2&#8243; _module_preset=&#8221;default&#8221; header_font=&#8221;|600|||||||&#8221; header_text_align=&#8221;center&#8221; header_font_size=&#8221;22px&#8221; body_font_size=&#8221;18px&#8221; body_line_height=&#8221;1.8em&#8221; global_colors_info=&#8221;{}&#8221;]<\/p>\n<p><span>Entre todos los medios que existen para evangelizar, las HFIC contamos con los centros educativos, que son un medio privilegiado, para la formaci\u00f3n integral de la persona.<\/span><\/p>\n<p>[\/et_pb_blurb][et_pb_button button_url=&#8221;@ET-DC@eyJkeW5hbWljIjp0cnVlLCJjb250ZW50IjoicG9zdF9saW5rX3VybF9wYWdlIiwic2V0dGluZ3MiOnsicG9zdF9pZCI6IjY2In19@&#8221; button_text=&#8221;Leer m\u00e1s&#8221; button_alignment=&#8221;center&#8221; _builder_version=&#8221;4.19.2&#8243; _dynamic_attributes=&#8221;button_url&#8221; custom_button=&#8221;on&#8221; button_text_size=&#8221;14px&#8221; button_text_color=&#8221;#000000&#8243; button_bg_color=&#8221;#ffc600&#8243; button_border_color=&#8221;rgba(0,0,0,0)&#8221; button_border_radius=&#8221;0px&#8221; button_letter_spacing=&#8221;4px&#8221; button_font=&#8221;Lato|700||on|||||&#8221; button_icon=&#8221;&#x24;||divi||400&#8243; custom_margin=&#8221;-16px|||5px|false|false&#8221; custom_padding=&#8221;15px|20px|15px|20px|true|true&#8221; box_shadow_style=&#8221;preset3&#8243; box_shadow_color=&#8221;rgba(0,0,0,0.12)&#8221; locked=&#8221;off&#8221; global_colors_info=&#8221;{}&#8221;][\/et_pb_button][\/et_pb_column][et_pb_column type=&#8221;1_3&#8243; _builder_version=&#8221;4.16&#8243; _module_preset=&#8221;default&#8221; global_colors_info=&#8221;{}&#8221;][et_pb_blurb title=&#8221;Pastoral de la salud&#8221; image=&#8221;https:\/\/franciscanashfic.org\/wp-content\/uploads\/2022\/01\/hfic-logosPS.png&#8221; image_icon_width=&#8221;78%&#8221; _builder_version=&#8221;4.19.2&#8243; _module_preset=&#8221;default&#8221; header_font=&#8221;|600|||||||&#8221; header_text_align=&#8221;center&#8221; header_font_size=&#8221;22px&#8221; body_font_size=&#8221;18px&#8221; body_line_height=&#8221;1.8em&#8221; global_colors_info=&#8221;{}&#8221;]<\/p>\n<p><span>Un encuentro con la misericordia ser\u00e1 para nosotras el camino a seguir\u00a0 realizando nuestro apostolado de la salud, con una actitud humanizadora y evangelizadora.<\/span><\/p>\n<p>[\/et_pb_blurb][et_pb_button button_url=&#8221;@ET-DC@eyJkeW5hbWljIjp0cnVlLCJjb250ZW50IjoicG9zdF9saW5rX3VybF9wYWdlIiwic2V0dGluZ3MiOnsicG9zdF9pZCI6Ijk3In19@&#8221; button_text=&#8221;Leer m\u00e1s&#8221; button_alignment=&#8221;center&#8221; _builder_version=&#8221;4.19.2&#8243; _dynamic_attributes=&#8221;button_url&#8221; custom_button=&#8221;on&#8221; button_text_size=&#8221;14px&#8221; button_text_color=&#8221;#000000&#8243; button_bg_color=&#8221;#ffc600&#8243; button_border_color=&#8221;rgba(0,0,0,0)&#8221; button_border_radius=&#8221;0px&#8221; button_letter_spacing=&#8221;4px&#8221; button_font=&#8221;Lato|700||on|||||&#8221; button_icon=&#8221;&#x24;||divi||400&#8243; custom_margin=&#8221;-16px|||5px|false|false&#8221; custom_padding=&#8221;15px|20px|15px|20px|true|true&#8221; box_shadow_style=&#8221;preset3&#8243; box_shadow_color=&#8221;rgba(0,0,0,0.12)&#8221; locked=&#8221;off&#8221; global_colors_info=&#8221;{}&#8221;][\/et_pb_button][\/et_pb_column][et_pb_column type=&#8221;1_3&#8243; _builder_version=&#8221;4.16&#8243; _module_preset=&#8221;default&#8221; global_colors_info=&#8221;{}&#8221;][et_pb_blurb title=&#8221;Casas hogar para ni\u00f1as&#8221; image=&#8221;https:\/\/franciscanashfic.org\/wp-content\/uploads\/2022\/01\/CasaNinas.png&#8221; image_icon_width=&#8221;64%&#8221; _builder_version=&#8221;4.19.2&#8243; _module_preset=&#8221;default&#8221; header_font=&#8221;|600|||||||&#8221; header_text_align=&#8221;center&#8221; header_font_size=&#8221;22px&#8221; body_font_size=&#8221;18px&#8221; body_line_height=&#8221;1.8em&#8221; global_colors_info=&#8221;{}&#8221;]<\/p>\n<p><span>Espacios que acogen a Ni\u00f1as, Ni\u00f1os y Adolescentes en estado de desnutrici\u00f3n, abandono, maltrato, abuso, orfandad o riesgo, d\u00e1ndoles protecci\u00f3n y formaci\u00f3n integral.<\/span><\/p>\n<p>[\/et_pb_blurb][et_pb_button button_url=&#8221;@ET-DC@eyJkeW5hbWljIjp0cnVlLCJjb250ZW50IjoicG9zdF9saW5rX3VybF9wYWdlIiwic2V0dGluZ3MiOnsicG9zdF9pZCI6IjEwMiJ9fQ==@&#8221; button_text=&#8221;Leer m\u00e1s&#8221; button_alignment=&#8221;center&#8221; _builder_version=&#8221;4.19.2&#8243; _dynamic_attributes=&#8221;button_url&#8221; custom_button=&#8221;on&#8221; button_text_size=&#8221;14px&#8221; button_text_color=&#8221;#000000&#8243; button_bg_color=&#8221;#ffc600&#8243; button_border_color=&#8221;rgba(0,0,0,0)&#8221; button_border_radius=&#8221;0px&#8221; button_letter_spacing=&#8221;4px&#8221; button_font=&#8221;Lato|700||on|||||&#8221; button_icon=&#8221;&#x24;||divi||400&#8243; custom_margin=&#8221;-16px|||5px|false|false&#8221; custom_padding=&#8221;15px|20px|15px|20px|true|true&#8221; box_shadow_style=&#8221;preset3&#8243; box_shadow_color=&#8221;rgba(0,0,0,0.12)&#8221; locked=&#8221;off&#8221; global_colors_info=&#8221;{}&#8221;][\/et_pb_button][\/et_pb_column][\/et_pb_row][et_pb_row column_structure=&#8221;1_3,1_3,1_3&#8243; _builder_version=&#8221;4.18.0&#8243; _module_preset=&#8221;default&#8221; custom_padding=&#8221;83px|||||&#8221; global_colors_info=&#8221;{}&#8221;][et_pb_column type=&#8221;1_3&#8243; _builder_version=&#8221;4.18.0&#8243; _module_preset=&#8221;default&#8221; global_colors_info=&#8221;{}&#8221;][et_pb_blurb title=&#8221;Casas hogar para adultos mayores&#8221; image=&#8221;https:\/\/franciscanashfic.org\/wp-content\/uploads\/2022\/01\/CASA-HOGAR-DE-ADULTOS-MAYORES-HFIC.png&#8221; image_icon_width=&#8221;80%&#8221; _builder_version=&#8221;4.19.2&#8243; _module_preset=&#8221;default&#8221; header_font=&#8221;|600|||||||&#8221; header_text_align=&#8221;center&#8221; header_font_size=&#8221;22px&#8221; body_font_size=&#8221;18px&#8221; body_line_height=&#8221;1.8em&#8221; global_colors_info=&#8221;{}&#8221;]<\/p>\n<p><span>Casas Hogar de Adultos Mayores son espacios que acogen a personas mayores, pobres, abandonadas, desvalidas o en estado de vulnerabilidad.<\/span><\/p>\n<p>[\/et_pb_blurb][et_pb_button button_url=&#8221;@ET-DC@eyJkeW5hbWljIjp0cnVlLCJjb250ZW50IjoicG9zdF9saW5rX3VybF9wYWdlIiwic2V0dGluZ3MiOnsicG9zdF9pZCI6IjEwNyJ9fQ==@&#8221; button_text=&#8221;Leer m\u00e1s&#8221; button_alignment=&#8221;center&#8221; _builder_version=&#8221;4.19.2&#8243; _dynamic_attributes=&#8221;button_url&#8221; custom_button=&#8221;on&#8221; button_text_size=&#8221;14px&#8221; button_text_color=&#8221;#000000&#8243; button_bg_color=&#8221;#ffc600&#8243; button_border_color=&#8221;rgba(0,0,0,0)&#8221; button_border_radius=&#8221;0px&#8221; button_letter_spacing=&#8221;4px&#8221; button_font=&#8221;Lato|700||on|||||&#8221; button_icon=&#8221;&#x24;||divi||400&#8243; custom_margin=&#8221;-16px|||5px|false|false&#8221; custom_padding=&#8221;15px|20px|15px|20px|true|true&#8221; box_shadow_style=&#8221;preset3&#8243; box_shadow_color=&#8221;rgba(0,0,0,0.12)&#8221; locked=&#8221;off&#8221; global_colors_info=&#8221;{}&#8221;][\/et_pb_button][\/et_pb_column][et_pb_column type=&#8221;1_3&#8243; _builder_version=&#8221;4.18.0&#8243; _module_preset=&#8221;default&#8221; global_colors_info=&#8221;{}&#8221;][et_pb_blurb title=&#8221;Evangelizaci\u00f3n&#8221; image=&#8221;https:\/\/franciscanashfic.org\/wp-content\/uploads\/2022\/01\/evangelizacion.png&#8221; _builder_version=&#8221;4.19.2&#8243; _module_preset=&#8221;default&#8221; header_font=&#8221;|600|||||||&#8221; header_text_align=&#8221;center&#8221; header_font_size=&#8221;22px&#8221; header_line_height=&#8221;2em&#8221; body_font_size=&#8221;18px&#8221; body_line_height=&#8221;1.8em&#8221; global_colors_info=&#8221;{}&#8221;]<\/p>\n<p><span>Cuando experimentamos la fuerza del amor de Dios en nuestras vidas y comunidades, no podemos dejar de anunciar y compartir lo que hemos visto y o\u00eddo.<\/span><\/p>\n<p>[\/et_pb_blurb][et_pb_button button_url=&#8221;@ET-DC@eyJkeW5hbWljIjp0cnVlLCJjb250ZW50IjoicG9zdF9saW5rX3VybF9wYWdlIiwic2V0dGluZ3MiOnsicG9zdF9pZCI6IjExMiJ9fQ==@&#8221; button_text=&#8221;Leer m\u00e1s&#8221; button_alignment=&#8221;center&#8221; _builder_version=&#8221;4.19.2&#8243; _dynamic_attributes=&#8221;button_url&#8221; custom_button=&#8221;on&#8221; button_text_size=&#8221;14px&#8221; button_text_color=&#8221;#000000&#8243; button_bg_color=&#8221;#ffc600&#8243; button_border_color=&#8221;rgba(0,0,0,0)&#8221; button_border_radius=&#8221;0px&#8221; button_letter_spacing=&#8221;4px&#8221; button_font=&#8221;Lato|700||on|||||&#8221; button_icon=&#8221;&#x24;||divi||400&#8243; custom_margin=&#8221;-16px|||5px|false|false&#8221; custom_padding=&#8221;15px|20px|15px|20px|true|true&#8221; box_shadow_style=&#8221;preset3&#8243; box_shadow_color=&#8221;rgba(0,0,0,0.12)&#8221; locked=&#8221;off&#8221; global_colors_info=&#8221;{}&#8221;][\/et_pb_button][\/et_pb_column][et_pb_column type=&#8221;1_3&#8243; _builder_version=&#8221;4.18.0&#8243; _module_preset=&#8221;default&#8221; global_colors_info=&#8221;{}&#8221;][et_pb_blurb title=&#8221;Casas de retiro&#8221; image=&#8221;https:\/\/franciscanashfic.org\/wp-content\/uploads\/2022\/12\/casasretiro.png&#8221; _builder_version=&#8221;4.19.4&#8243; _module_preset=&#8221;default&#8221; header_font=&#8221;|600|||||||&#8221; header_text_align=&#8221;center&#8221; header_font_size=&#8221;22px&#8221; header_line_height=&#8221;2.7em&#8221; body_font_size=&#8221;18px&#8221; body_line_height=&#8221;1.8em&#8221; hover_enabled=&#8221;0&#8243; global_colors_info=&#8221;{}&#8221; sticky_enabled=&#8221;0&#8243;]<\/p>\n<p>Las Casas de Retiro HFIC son instituciones con una infraestructura adecuada para ofrecer una cordial y fraterna acogida a toda persona que busca espacios para la oraci\u00f3n.<\/p>\n<p>[\/et_pb_blurb][et_pb_button button_url=&#8221;@ET-DC@eyJkeW5hbWljIjp0cnVlLCJjb250ZW50IjoicG9zdF9saW5rX3VybF9wYWdlIiwic2V0dGluZ3MiOnsicG9zdF9pZCI6IjExOSJ9fQ==@&#8221; button_text=&#8221;Leer m\u00e1s&#8221; button_alignment=&#8221;center&#8221; _builder_version=&#8221;4.19.2&#8243; _dynamic_attributes=&#8221;button_url&#8221; custom_button=&#8221;on&#8221; button_text_size=&#8221;14px&#8221; button_text_color=&#8221;#000000&#8243; button_bg_color=&#8221;#ffc600&#8243; button_border_color=&#8221;rgba(0,0,0,0)&#8221; button_border_radius=&#8221;0px&#8221; button_letter_spacing=&#8221;4px&#8221; button_font=&#8221;Lato|700||on|||||&#8221; button_icon=&#8221;&#x24;||divi||400&#8243; custom_margin=&#8221;-16px|||5px|false|false&#8221; custom_padding=&#8221;15px|20px|15px|20px|true|true&#8221; box_shadow_style=&#8221;preset3&#8243; box_shadow_color=&#8221;rgba(0,0,0,0.12)&#8221; locked=&#8221;off&#8221; global_colors_info=&#8221;{}&#8221;][\/et_pb_button][\/et_pb_column][\/et_pb_row][\/et_pb_section]<\/p>\n","protected":false},"excerpt":{"rendered":"<p>Nuestros apostoladosEntre todos los medios que existen para evangelizar, las HFIC contamos con los centros educativos, que son un medio privilegiado, para la formaci\u00f3n integral de la persona.Un encuentro con la misericordia ser\u00e1 para nosotras el camino a seguir\u00a0 realizando nuestro apostolado de la salud, con una actitud humanizadora y evangelizadora.Espacios que acogen a Ni\u00f1as, [&hellip;]<\/p>\n","protected":false},"author":1,"featured_media":0,"parent":0,"menu_order":0,"comment_status":"closed","ping_status":"closed","template":"","meta":{"_et_pb_use_builder":"on","_et_pb_old_content":"","_et_gb_content_width":"","footnotes":""},"class_list":["post-61","page","type-page","status-publish","hentry"],"yoast_head":"<!-- This site is optimized with the Yoast SEO plugin v27.2 - https:\/\/yoast.com\/product\/yoast-seo-wordpress\/ -->\n<title>Apostolados - Hermanas Franciscanas de la Inmaculada Concepci\u00f3n<\/title>\n<meta name=\"robots\" content=\"index, follow, max-snippet:-1, max-image-preview:large, max-video-preview:-1\" \/>\n<link rel=\"canonical\" href=\"https:\/\/franciscanashfic.org\/index.php\/apostolados\/\" \/>\n<meta property=\"og:locale\" content=\"es_MX\" \/>\n<meta property=\"og:type\" content=\"article\" \/>\n<meta property=\"og:title\" content=\"Apostolados - Hermanas Franciscanas de la Inmaculada Concepci\u00f3n\" \/>\n<meta property=\"og:description\" content=\"Nuestros apostoladosEntre todos los medios que existen para evangelizar, las HFIC contamos con los centros educativos, que son un medio privilegiado, para la formaci\u00f3n integral de la persona.Un encuentro con la misericordia ser\u00e1 para nosotras el camino a seguir\u00a0 realizando nuestro apostolado de la salud, con una actitud humanizadora y evangelizadora.Espacios que acogen a Ni\u00f1as, [&hellip;]\" \/>\n<meta property=\"og:url\" content=\"https:\/\/franciscanashfic.org\/index.php\/apostolados\/\" \/>\n<meta property=\"og:site_name\" content=\"Hermanas Franciscanas de la Inmaculada Concepci\u00f3n\" \/>\n<meta property=\"article:publisher\" content=\"https:\/\/www.facebook.com\/hermanafranciscanadelainmaculadaconcepcion\" \/>\n<meta property=\"article:modified_time\" content=\"2023-01-05T06:40:11+00:00\" \/>\n<meta name=\"twitter:card\" content=\"summary_large_image\" \/>\n<meta name=\"twitter:label1\" content=\"Tiempo de lectura\" \/>\n\t<meta name=\"twitter:data1\" content=\"6 minutos\" \/>\n<script type=\"application\/ld+json\" class=\"yoast-schema-graph\">{\"@context\":\"https:\/\/schema.org\",\"@graph\":[{\"@type\":\"WebPage\",\"@id\":\"https:\/\/franciscanashfic.org\/index.php\/apostolados\/\",\"url\":\"https:\/\/franciscanashfic.org\/index.php\/apostolados\/\",\"name\":\"Apostolados - Hermanas Franciscanas de la Inmaculada Concepci\u00f3n\",\"isPartOf\":{\"@id\":\"https:\/\/franciscanashfic.org\/#website\"},\"datePublished\":\"2022-01-16T07:55:38+00:00\",\"dateModified\":\"2023-01-05T06:40:11+00:00\",\"breadcrumb\":{\"@id\":\"https:\/\/franciscanashfic.org\/index.php\/apostolados\/#breadcrumb\"},\"inLanguage\":\"es\",\"potentialAction\":[{\"@type\":\"ReadAction\",\"target\":[\"https:\/\/franciscanashfic.org\/index.php\/apostolados\/\"]}]},{\"@type\":\"BreadcrumbList\",\"@id\":\"https:\/\/franciscanashfic.org\/index.php\/apostolados\/#breadcrumb\",\"itemListElement\":[{\"@type\":\"ListItem\",\"position\":1,\"name\":\"Inicio\",\"item\":\"https:\/\/franciscanashfic.org\/\"},{\"@type\":\"ListItem\",\"position\":2,\"name\":\"Apostolados\"}]},{\"@type\":\"WebSite\",\"@id\":\"https:\/\/franciscanashfic.org\/#website\",\"url\":\"https:\/\/franciscanashfic.org\/\",\"name\":\"Hermanas Franciscanas de la Inmaculada Concepci\u00f3n\",\"description\":\"\",\"publisher\":{\"@id\":\"https:\/\/franciscanashfic.org\/#organization\"},\"potentialAction\":[{\"@type\":\"SearchAction\",\"target\":{\"@type\":\"EntryPoint\",\"urlTemplate\":\"https:\/\/franciscanashfic.org\/?s={search_term_string}\"},\"query-input\":{\"@type\":\"PropertyValueSpecification\",\"valueRequired\":true,\"valueName\":\"search_term_string\"}}],\"inLanguage\":\"es\"},{\"@type\":\"Organization\",\"@id\":\"https:\/\/franciscanashfic.org\/#organization\",\"name\":\"Hermanas Franciscanas de la Inmaculada Concepci\u00f3n\",\"url\":\"https:\/\/franciscanashfic.org\/\",\"logo\":{\"@type\":\"ImageObject\",\"inLanguage\":\"es\",\"@id\":\"https:\/\/franciscanashfic.org\/#\/schema\/logo\/image\/\",\"url\":\"https:\/\/franciscanashfic.org\/wp-content\/uploads\/2022\/01\/icono.png\",\"contentUrl\":\"https:\/\/franciscanashfic.org\/wp-content\/uploads\/2022\/01\/icono.png\",\"width\":512,\"height\":512,\"caption\":\"Hermanas Franciscanas de la Inmaculada Concepci\u00f3n\"},\"image\":{\"@id\":\"https:\/\/franciscanashfic.org\/#\/schema\/logo\/image\/\"},\"sameAs\":[\"https:\/\/www.facebook.com\/hermanafranciscanadelainmaculadaconcepcion\",\"https:\/\/www.youtube.com\/@hficcasageneralmexico6665\"]}]}<\/script>\n<!-- \/ Yoast SEO plugin. -->","yoast_head_json":{"title":"Apostolados - Hermanas Franciscanas de la Inmaculada Concepci\u00f3n","robots":{"index":"index","follow":"follow","max-snippet":"max-snippet:-1","max-image-preview":"max-image-preview:large","max-video-preview":"max-video-preview:-1"},"canonical":"https:\/\/franciscanashfic.org\/index.php\/apostolados\/","og_locale":"es_MX","og_type":"article","og_title":"Apostolados - Hermanas Franciscanas de la Inmaculada Concepci\u00f3n","og_description":"Nuestros apostoladosEntre todos los medios que existen para evangelizar, las HFIC contamos con los centros educativos, que son un medio privilegiado, para la formaci\u00f3n integral de la persona.Un encuentro con la misericordia ser\u00e1 para nosotras el camino a seguir\u00a0 realizando nuestro apostolado de la salud, con una actitud humanizadora y evangelizadora.Espacios que acogen a Ni\u00f1as, [&hellip;]","og_url":"https:\/\/franciscanashfic.org\/index.php\/apostolados\/","og_site_name":"Hermanas Franciscanas de la Inmaculada Concepci\u00f3n","article_publisher":"https:\/\/www.facebook.com\/hermanafranciscanadelainmaculadaconcepcion","article_modified_time":"2023-01-05T06:40:11+00:00","twitter_card":"summary_large_image","twitter_misc":{"Tiempo de lectura":"6 minutos"},"schema":{"@context":"https:\/\/schema.org","@graph":[{"@type":"WebPage","@id":"https:\/\/franciscanashfic.org\/index.php\/apostolados\/","url":"https:\/\/franciscanashfic.org\/index.php\/apostolados\/","name":"Apostolados - Hermanas Franciscanas de la Inmaculada Concepci\u00f3n","isPartOf":{"@id":"https:\/\/franciscanashfic.org\/#website"},"datePublished":"2022-01-16T07:55:38+00:00","dateModified":"2023-01-05T06:40:11+00:00","breadcrumb":{"@id":"https:\/\/franciscanashfic.org\/index.php\/apostolados\/#breadcrumb"},"inLanguage":"es","potentialAction":[{"@type":"ReadAction","target":["https:\/\/franciscanashfic.org\/index.php\/apostolados\/"]}]},{"@type":"BreadcrumbList","@id":"https:\/\/franciscanashfic.org\/index.php\/apostolados\/#breadcrumb","itemListElement":[{"@type":"ListItem","position":1,"name":"Inicio","item":"https:\/\/franciscanashfic.org\/"},{"@type":"ListItem","position":2,"name":"Apostolados"}]},{"@type":"WebSite","@id":"https:\/\/franciscanashfic.org\/#website","url":"https:\/\/franciscanashfic.org\/","name":"Hermanas Franciscanas de la Inmaculada Concepci\u00f3n","description":"","publisher":{"@id":"https:\/\/franciscanashfic.org\/#organization"},"potentialAction":[{"@type":"SearchAction","target":{"@type":"EntryPoint","urlTemplate":"https:\/\/franciscanashfic.org\/?s={search_term_string}"},"query-input":{"@type":"PropertyValueSpecification","valueRequired":true,"valueName":"search_term_string"}}],"inLanguage":"es"},{"@type":"Organization","@id":"https:\/\/franciscanashfic.org\/#organization","name":"Hermanas Franciscanas de la Inmaculada Concepci\u00f3n","url":"https:\/\/franciscanashfic.org\/","logo":{"@type":"ImageObject","inLanguage":"es","@id":"https:\/\/franciscanashfic.org\/#\/schema\/logo\/image\/","url":"https:\/\/franciscanashfic.org\/wp-content\/uploads\/2022\/01\/icono.png","contentUrl":"https:\/\/franciscanashfic.org\/wp-content\/uploads\/2022\/01\/icono.png","width":512,"height":512,"caption":"Hermanas Franciscanas de la Inmaculada Concepci\u00f3n"},"image":{"@id":"https:\/\/franciscanashfic.org\/#\/schema\/logo\/image\/"},"sameAs":["https:\/\/www.facebook.com\/hermanafranciscanadelainmaculadaconcepcion","https:\/\/www.youtube.com\/@hficcasageneralmexico6665"]}]}},"_links":{"self":[{"href":"https:\/\/franciscanashfic.org\/index.php\/wp-json\/wp\/v2\/pages\/61","targetHints":{"allow":["GET"]}}],"collection":[{"href":"https:\/\/franciscanashfic.org\/index.php\/wp-json\/wp\/v2\/pages"}],"about":[{"href":"https:\/\/franciscanashfic.org\/index.php\/wp-json\/wp\/v2\/types\/page"}],"author":[{"embeddable":true,"href":"https:\/\/franciscanashfic.org\/index.php\/wp-json\/wp\/v2\/users\/1"}],"replies":[{"embeddable":true,"href":"https:\/\/franciscanashfic.org\/index.php\/wp-json\/wp\/v2\/comments?post=61"}],"version-history":[{"count":6,"href":"https:\/\/franciscanashfic.org\/index.php\/wp-json\/wp\/v2\/pages\/61\/revisions"}],"predecessor-version":[{"id":1842,"href":"https:\/\/franciscanashfic.org\/index.php\/wp-json\/wp\/v2\/pages\/61\/revisions\/1842"}],"wp:attachment":[{"href":"https:\/\/franciscanashfic.org\/index.php\/wp-json\/wp\/v2\/media?parent=61"}],"curies":[{"name":"wp","href":"https:\/\/api.w.org\/{rel}","templated":true}]}}