{"id":229,"date":"2022-01-17T08:19:54","date_gmt":"2022-01-17T08:19:54","guid":{"rendered":"https:\/\/franciscanashfic.org\/?page_id=229"},"modified":"2026-03-05T02:12:28","modified_gmt":"2026-03-05T02:12:28","slug":"provincia-de-nuestra-senora-de-guadalupe","status":"publish","type":"page","link":"https:\/\/franciscanashfic.org\/index.php\/provincia-de-nuestra-senora-de-guadalupe\/","title":{"rendered":"Provincia de Nuestra Se\u00f1ora de Guadalupe"},"content":{"rendered":"<p>[et_pb_section fb_built=&#8221;1&#8243; _builder_version=&#8221;4.17.4&#8243; _module_preset=&#8221;default&#8221; use_background_color_gradient=&#8221;on&#8221; background_color_gradient_direction=&#8221;248deg&#8221; background_color_gradient_stops=&#8221;rgba(255,255,255,0) 0%|#ffffff 94%&#8221; background_color_gradient_overlays_image=&#8221;on&#8221; background_color_gradient_start=&#8221;rgba(255,255,255,0)&#8221; background_color_gradient_end=&#8221;#ffffff&#8221; background_color_gradient_end_position=&#8221;60%&#8221; background_image=&#8221;https:\/\/franciscanashfic.org\/wp-content\/uploads\/2022\/05\/home_mar2.jpg&#8221; custom_margin=&#8221;0px|0px|0px|0px|false|false&#8221; custom_padding=&#8221;0px|0px|0px|0px|false|false&#8221; global_colors_info=&#8221;{}&#8221;][et_pb_row _builder_version=&#8221;4.16&#8243; custom_margin=&#8221;0px|0px|0px|0px|false|false&#8221; custom_padding=&#8221;12px|||||&#8221; global_colors_info=&#8221;{}&#8221;][et_pb_column type=&#8221;4_4&#8243; _builder_version=&#8221;4.16&#8243; custom_padding=&#8221;|||&#8221; global_colors_info=&#8221;{}&#8221; custom_padding__hover=&#8221;|||&#8221;][et_pb_text _builder_version=&#8221;4.18.0&#8243; _module_preset=&#8221;default&#8221; header_2_font=&#8221;||||||||&#8221; header_2_text_color=&#8221;#FFFFFF&#8221; header_2_font_size=&#8221;48px&#8221; background_color=&#8221;#002d62&#8243; custom_margin=&#8221;300px|300px||-200px|false|false&#8221; custom_padding=&#8221;10px|25px|10px|25px|false|false&#8221; global_colors_info=&#8221;{}&#8221;]<\/p>\n<h2 style=\"text-align: right;\">Nuestra Se\u00f1ora de Guadalupe<\/h2>\n<p>[\/et_pb_text][\/et_pb_column][\/et_pb_row][\/et_pb_section][et_pb_section fb_built=&#8221;1&#8243; _builder_version=&#8221;4.16&#8243; _module_preset=&#8221;default&#8221; custom_padding=&#8221;2px||0px|||&#8221; global_colors_info=&#8221;{}&#8221;][et_pb_row column_structure=&#8221;3_5,2_5&#8243; _builder_version=&#8221;4.16&#8243; _module_preset=&#8221;default&#8221; custom_margin=&#8221;|auto|3px|auto||&#8221; global_colors_info=&#8221;{}&#8221;][et_pb_column type=&#8221;3_5&#8243; _builder_version=&#8221;4.16&#8243; _module_preset=&#8221;default&#8221; global_colors_info=&#8221;{}&#8221;][et_pb_text _builder_version=&#8221;4.18.0&#8243; _module_preset=&#8221;default&#8221; text_font_size=&#8221;20px&#8221; text_line_height=&#8221;1.8em&#8221; global_colors_info=&#8221;{}&#8221;]<\/p>\n<p><span>Las dos provincias de M\u00e9xico se erigieron dentro de la Santa Misa el d\u00eda 15 de agosto de 1973 y el nombre de cada una se eligi\u00f3 el d\u00eda anterior por votaci\u00f3n secreta, quedando la Provincia del sur de M\u00e9xico con el nombre de \u201cNuestra Se\u00f1ora de Guadalupe\u201d.<\/span><\/p>\n<p><span>A las 17:00 horas de ese d\u00eda, en medio de la solemnidad del Santo Sacrificio, cuando el Evangelio se acababa de anunciar, y el reloj marcaba exactamente las 17:35, la Rvma. M. General Mar\u00eda Teresa N\u00fa\u00f1ez Acevedo, dio lectura al Decreto de Erecci\u00f3n en los siguientes t\u00e9rminos:<\/span><\/p>\n<p><span>EN EL NOMBRE DEL SE\u00d1OR. AM\u00c9N.<br \/>En virtud de la facultad otorgada por la Sagrada Congregaci\u00f3n para los Religiosos e Institutos Seculares, con fecha 16 de octubre de 1971, por el presente erijo y declaro erigida la Provincia del Norte de M\u00e9xico, bajo el t\u00edtulo de:\u00a0<strong>Provincia de Nuestra Se\u00f1ora de Guadalupe.<\/strong><\/span><\/p>\n<p>[\/et_pb_text][\/et_pb_column][et_pb_column type=&#8221;2_5&#8243; _builder_version=&#8221;4.16&#8243; _module_preset=&#8221;default&#8221; global_colors_info=&#8221;{}&#8221;][et_pb_image src=&#8221;https:\/\/franciscanashfic.org\/wp-content\/uploads\/2022\/05\/home_ago1-1.jpg&#8221; title_text=&#8221;home_ago1&#8243; _builder_version=&#8221;4.17.4&#8243; _module_preset=&#8221;default&#8221; custom_margin=&#8221;|-180px|||false|false&#8221; global_colors_info=&#8221;{}&#8221;][\/et_pb_image][\/et_pb_column][\/et_pb_row][et_pb_row _builder_version=&#8221;4.16&#8243; _module_preset=&#8221;default&#8221; global_colors_info=&#8221;{}&#8221;][et_pb_column type=&#8221;4_4&#8243; _builder_version=&#8221;4.16&#8243; _module_preset=&#8221;default&#8221; global_colors_info=&#8221;{}&#8221;][et_pb_text _builder_version=&#8221;4.16&#8243; _module_preset=&#8221;default&#8221; header_2_font=&#8221;||||||||&#8221; header_2_text_color=&#8221;#FFFFFF&#8221; header_2_font_size=&#8221;48px&#8221; background_color=&#8221;#002d62&#8243; custom_margin=&#8221;|450px||-200px|false|false&#8221; custom_padding=&#8221;10px|25px|10px|25px|false|false&#8221; global_colors_info=&#8221;{}&#8221;]<\/p>\n<h2 style=\"text-align: right;\">Ubicaci\u00f3n<\/h2>\n<p>[\/et_pb_text][\/et_pb_column][\/et_pb_row][et_pb_row column_structure=&#8221;3_5,2_5&#8243; _builder_version=&#8221;4.16&#8243; _module_preset=&#8221;default&#8221; global_colors_info=&#8221;{}&#8221;][et_pb_column type=&#8221;3_5&#8243; _builder_version=&#8221;4.16&#8243; _module_preset=&#8221;default&#8221; global_colors_info=&#8221;{}&#8221;][et_pb_blurb title=&#8221;Provincia de Nuestra Se\u00f1ora de Guadalupe&#8221; image=&#8221;https:\/\/franciscanashfic.org\/wp-content\/uploads\/2022\/05\/DSC_0248-scaled.jpg&#8221; _builder_version=&#8221;4.17.4&#8243; _module_preset=&#8221;default&#8221; header_level=&#8221;h2&#8243; header_line_height=&#8221;1.2em&#8221; global_colors_info=&#8221;{}&#8221;][\/et_pb_blurb][\/et_pb_column][et_pb_column type=&#8221;2_5&#8243; _builder_version=&#8221;4.16&#8243; _module_preset=&#8221;default&#8221; global_colors_info=&#8221;{}&#8221;][et_pb_code _builder_version=&#8221;4.17.4&#8243; _module_preset=&#8221;default&#8221; global_colors_info=&#8221;{}&#8221;]<iframe src=\"https:\/\/www.google.com\/maps\/embed?pb=!1m18!1m12!1m3!1d3764.0451402300314!2d-99.18552619316051!3d19.367198022075804!2m3!1f0!2f0!3f0!3m2!1i1024!2i768!4f13.1!3m3!1m2!1s0x85d1ff8ecccfce95%3A0xdc1f07fb924baaa5!2sCapuchinas%2078%2C%20San%20Jos%C3%A9%20Insurgentes%2C%20Benito%20Ju%C3%A1rez%2C%2003900%20Ciudad%20de%20M%C3%A9xico%2C%20CDMX!5e0!3m2!1ses!2smx!4v1652997192008!5m2!1ses!2smx\" width=\"600\" height=\"350\" style=\"border:0;\" allowfullscreen=\"\" loading=\"lazy\" referrerpolicy=\"no-referrer-when-downgrade\"><\/iframe>[\/et_pb_code][et_pb_text _builder_version=&#8221;4.19.2&#8243; _module_preset=&#8221;default&#8221; global_colors_info=&#8221;{}&#8221;]<\/p>\n<p>Capuchinas No. 78<br \/>San Jos\u00e9 Insurgentes,<br \/>Benito Ju\u00e1rez, CDMX.<br \/>C.P. 03900<br \/>M\u00e9xico<\/p>\n<p>[\/et_pb_text][\/et_pb_column][\/et_pb_row][et_pb_row column_structure=&#8221;3_5,2_5&#8243; _builder_version=&#8221;4.17.4&#8243; _module_preset=&#8221;default&#8221; global_colors_info=&#8221;{}&#8221;][et_pb_column type=&#8221;3_5&#8243; _builder_version=&#8221;4.17.4&#8243; _module_preset=&#8221;default&#8221; global_colors_info=&#8221;{}&#8221;][et_pb_image src=&#8221;https:\/\/franciscanashfic.org\/wp-content\/uploads\/2026\/01\/PNtraSraGpe.jpg&#8221; title_text=&#8221;ProvinciaNtraSraGuadalupe&#8221; _builder_version=&#8221;4.27.6&#8243; _module_preset=&#8221;default&#8221; global_colors_info=&#8221;{}&#8221;][\/et_pb_image][\/et_pb_column][et_pb_column type=&#8221;2_5&#8243; _builder_version=&#8221;4.17.4&#8243; _module_preset=&#8221;default&#8221; global_colors_info=&#8221;{}&#8221;][et_pb_text _builder_version=&#8221;4.19.2&#8243; _module_preset=&#8221;default&#8221; text_font_size=&#8221;17px&#8221; header_font_size=&#8221;29px&#8221; header_2_font=&#8221;|600|||||||&#8221; header_2_text_color=&#8221;#7c0040&#8243; header_2_font_size=&#8221;32px&#8221; header_3_font_size=&#8221;23px&#8221; locked=&#8221;off&#8221; global_colors_info=&#8221;{}&#8221;]<\/p>\n<h2 style=\"text-align: center;\">Provincia de Nuestra Se\u00f1ora de Guadalupe<\/h2>\n<h3 style=\"text-align: center;\">Centro y Sur de M\u00e9xico<\/h3>\n<p>&nbsp;<\/p>\n<p>Ciudad de M\u00e9xico<\/p>\n<p>Estado de M\u00e9xico<\/p>\n<p>Chiapas<\/p>\n<p>Guanajuato<\/p>\n<p>Michoac\u00e1n<\/p>\n<p>Guerrero<\/p>\n<p>Oaxaca<\/p>\n<p>Puebla<\/p>\n<p>Tabasco<\/p>\n<p>Veracruz<\/p>\n<p>[\/et_pb_text][\/et_pb_column][\/et_pb_row][\/et_pb_section][et_pb_section fb_built=&#8221;1&#8243; _builder_version=&#8221;4.19.2&#8243; _module_preset=&#8221;default&#8221; custom_padding=&#8221;0px|||||&#8221; locked=&#8221;off&#8221; global_colors_info=&#8221;{}&#8221;][et_pb_row _builder_version=&#8221;4.16&#8243; _module_preset=&#8221;default&#8221; global_colors_info=&#8221;{}&#8221;][et_pb_column type=&#8221;4_4&#8243; _builder_version=&#8221;4.16&#8243; _module_preset=&#8221;default&#8221; global_colors_info=&#8221;{}&#8221;][et_pb_text _builder_version=&#8221;4.16&#8243; _module_preset=&#8221;default&#8221; header_2_font=&#8221;||||||||&#8221; header_2_text_color=&#8221;#FFFFFF&#8221; header_2_font_size=&#8221;48px&#8221; background_color=&#8221;#002d62&#8243; custom_margin=&#8221;|450px||-200px|false|false&#8221; custom_padding=&#8221;10px|25px|10px|25px|false|false&#8221; global_colors_info=&#8221;{}&#8221;]<\/p>\n<h2 style=\"text-align: right;\">Contacto<\/h2>\n<p>[\/et_pb_text][\/et_pb_column][\/et_pb_row][et_pb_row column_structure=&#8221;1_2,1_2&#8243; _builder_version=&#8221;4.19.2&#8243; _module_preset=&#8221;default&#8221; global_colors_info=&#8221;{}&#8221;][et_pb_column type=&#8221;1_2&#8243; _builder_version=&#8221;4.19.2&#8243; _module_preset=&#8221;default&#8221; global_colors_info=&#8221;{}&#8221;][et_pb_blurb title=&#8221;P\u00e1gina web&#8221; use_icon=&#8221;on&#8221; font_icon=&#8221;&#xf0ac;||fa||900&#8243; icon_placement=&#8221;left&#8221; _builder_version=&#8221;4.19.2&#8243; _module_preset=&#8221;default&#8221; global_colors_info=&#8221;{}&#8221;]<\/p>\n<p><a href=\"https:\/\/www.hermanasfranciscanas.com.mx\" target=\"_blank\" rel=\"noopener\">www.hermanasfranciscanas.com.mx<\/a><\/p>\n<p>[\/et_pb_blurb][et_pb_blurb title=&#8221;Tel\u00e9fono&#8221; use_icon=&#8221;on&#8221; font_icon=&#8221;&#xf232;||fa||400&#8243; icon_placement=&#8221;left&#8221; _builder_version=&#8221;4.19.2&#8243; _module_preset=&#8221;default&#8221; global_colors_info=&#8221;{}&#8221;]<\/p>\n<p>55 7071 3172<\/p>\n<p>[\/et_pb_blurb][et_pb_blurb title=&#8221;Correo electr\u00f3nico&#8221; use_icon=&#8221;on&#8221; font_icon=&#8221;&#xf0e0;||fa||400&#8243; icon_placement=&#8221;left&#8221; _builder_version=&#8221;4.19.2&#8243; _module_preset=&#8221;default&#8221; global_colors_info=&#8221;{}&#8221;]<\/p>\n<p>contacto@hermanasfranciscanas.com.mx<\/p>\n<p>[\/et_pb_blurb][\/et_pb_column][et_pb_column type=&#8221;1_2&#8243; _builder_version=&#8221;4.19.2&#8243; _module_preset=&#8221;default&#8221; global_colors_info=&#8221;{}&#8221;][et_pb_blurb title=&#8221;Facebook&#8221; use_icon=&#8221;on&#8221; font_icon=&#8221;&#xf082;||fa||400&#8243; icon_placement=&#8221;left&#8221; _builder_version=&#8221;4.19.2&#8243; _module_preset=&#8221;default&#8221; global_colors_info=&#8221;{}&#8221;]<\/p>\n<p><a href=\"https:\/\/www.facebook.com\/HFICProvinciaGuadalupe\" target=\"_blank\" rel=\"noopener\">www.facebook.com\/HFICProvinciaGuadalupe<\/a><\/p>\n<p>[\/et_pb_blurb][et_pb_blurb title=&#8221;Instagram&#8221; use_icon=&#8221;on&#8221; font_icon=&#8221;&#xf16d;||fa||400&#8243; icon_placement=&#8221;left&#8221; _builder_version=&#8221;4.19.2&#8243; _module_preset=&#8221;default&#8221; global_colors_info=&#8221;{}&#8221;]<\/p>\n<p><a href=\"https:\/\/www.instagram.com\/hficprovinciaguadalupe\/\" target=\"_blank\" rel=\"noopener\">www.instagram.com\/hficprovinciaguadalupe\/<\/a><\/p>\n<p>[\/et_pb_blurb][et_pb_blurb title=&#8221;TikTok&#8221; use_icon=&#8221;on&#8221; font_icon=&#8221;&#xe07b;||fa||400&#8243; icon_placement=&#8221;left&#8221; _builder_version=&#8221;4.19.2&#8243; _module_preset=&#8221;default&#8221; global_colors_info=&#8221;{}&#8221;]<\/p>\n<p><a href=\"https:\/\/www.tiktok.com\/@h_f_i_c\" target=\"_blank\" rel=\"noopener\">www.tiktok.com\/@h_f_i_c<\/a><\/p>\n<p>[\/et_pb_blurb][et_pb_blurb title=&#8221;YouTube&#8221; use_icon=&#8221;on&#8221; font_icon=&#8221;&#xe0a3;||divi||400&#8243; icon_placement=&#8221;left&#8221; _builder_version=&#8221;4.27.6&#8243; _module_preset=&#8221;default&#8221; global_colors_info=&#8221;{}&#8221;]<\/p>\n<p><a href=\"https:\/\/www.youtube.com\/@hermanasfranciscanas\" target=\"_blank\" rel=\"noopener\">www.youtube.com\/@hermanasfranciscanas<\/a><\/p>\n<p>[\/et_pb_blurb][\/et_pb_column][\/et_pb_row][\/et_pb_section]<\/p>\n","protected":false},"excerpt":{"rendered":"<p>Nuestra Se\u00f1ora de GuadalupeLas dos provincias de M\u00e9xico se erigieron dentro de la Santa Misa el d\u00eda 15 de agosto de 1973 y el nombre de cada una se eligi\u00f3 el d\u00eda anterior por votaci\u00f3n secreta, quedando la Provincia del sur de M\u00e9xico con el nombre de \u201cNuestra Se\u00f1ora de Guadalupe\u201d. A las 17:00 horas [&hellip;]<\/p>\n","protected":false},"author":1,"featured_media":0,"parent":0,"menu_order":0,"comment_status":"closed","ping_status":"closed","template":"","meta":{"_et_pb_use_builder":"on","_et_pb_old_content":"","_et_gb_content_width":"","footnotes":""},"class_list":["post-229","page","type-page","status-publish","hentry"],"yoast_head":"<!-- This site is optimized with the Yoast SEO plugin v27.2 - https:\/\/yoast.com\/product\/yoast-seo-wordpress\/ -->\n<title>Provincia de Nuestra Se\u00f1ora de Guadalupe - Hermanas Franciscanas de la Inmaculada Concepci\u00f3n<\/title>\n<meta name=\"robots\" content=\"index, follow, max-snippet:-1, max-image-preview:large, max-video-preview:-1\" \/>\n<link rel=\"canonical\" href=\"https:\/\/franciscanashfic.org\/index.php\/provincia-de-nuestra-senora-de-guadalupe\/\" \/>\n<meta property=\"og:locale\" content=\"es_MX\" \/>\n<meta property=\"og:type\" content=\"article\" \/>\n<meta property=\"og:title\" content=\"Provincia de Nuestra Se\u00f1ora de Guadalupe - Hermanas Franciscanas de la Inmaculada Concepci\u00f3n\" \/>\n<meta property=\"og:description\" content=\"Nuestra Se\u00f1ora de GuadalupeLas dos provincias de M\u00e9xico se erigieron dentro de la Santa Misa el d\u00eda 15 de agosto de 1973 y el nombre de cada una se eligi\u00f3 el d\u00eda anterior por votaci\u00f3n secreta, quedando la Provincia del sur de M\u00e9xico con el nombre de \u201cNuestra Se\u00f1ora de Guadalupe\u201d. A las 17:00 horas [&hellip;]\" \/>\n<meta property=\"og:url\" content=\"https:\/\/franciscanashfic.org\/index.php\/provincia-de-nuestra-senora-de-guadalupe\/\" \/>\n<meta property=\"og:site_name\" content=\"Hermanas Franciscanas de la Inmaculada Concepci\u00f3n\" \/>\n<meta property=\"article:publisher\" content=\"https:\/\/www.facebook.com\/hermanafranciscanadelainmaculadaconcepcion\" \/>\n<meta property=\"article:modified_time\" content=\"2026-03-05T02:12:28+00:00\" \/>\n<meta name=\"twitter:card\" content=\"summary_large_image\" \/>\n<meta name=\"twitter:label1\" content=\"Tiempo de lectura\" \/>\n\t<meta name=\"twitter:data1\" content=\"6 minutos\" \/>\n<script type=\"application\/ld+json\" class=\"yoast-schema-graph\">{\"@context\":\"https:\/\/schema.org\",\"@graph\":[{\"@type\":\"WebPage\",\"@id\":\"https:\/\/franciscanashfic.org\/index.php\/provincia-de-nuestra-senora-de-guadalupe\/\",\"url\":\"https:\/\/franciscanashfic.org\/index.php\/provincia-de-nuestra-senora-de-guadalupe\/\",\"name\":\"Provincia de Nuestra Se\u00f1ora de Guadalupe - Hermanas Franciscanas de la Inmaculada Concepci\u00f3n\",\"isPartOf\":{\"@id\":\"https:\/\/franciscanashfic.org\/#website\"},\"datePublished\":\"2022-01-17T08:19:54+00:00\",\"dateModified\":\"2026-03-05T02:12:28+00:00\",\"breadcrumb\":{\"@id\":\"https:\/\/franciscanashfic.org\/index.php\/provincia-de-nuestra-senora-de-guadalupe\/#breadcrumb\"},\"inLanguage\":\"es\",\"potentialAction\":[{\"@type\":\"ReadAction\",\"target\":[\"https:\/\/franciscanashfic.org\/index.php\/provincia-de-nuestra-senora-de-guadalupe\/\"]}]},{\"@type\":\"BreadcrumbList\",\"@id\":\"https:\/\/franciscanashfic.org\/index.php\/provincia-de-nuestra-senora-de-guadalupe\/#breadcrumb\",\"itemListElement\":[{\"@type\":\"ListItem\",\"position\":1,\"name\":\"Inicio\",\"item\":\"https:\/\/franciscanashfic.org\/\"},{\"@type\":\"ListItem\",\"position\":2,\"name\":\"Provincia de Nuestra Se\u00f1ora de Guadalupe\"}]},{\"@type\":\"WebSite\",\"@id\":\"https:\/\/franciscanashfic.org\/#website\",\"url\":\"https:\/\/franciscanashfic.org\/\",\"name\":\"Hermanas Franciscanas de la Inmaculada Concepci\u00f3n\",\"description\":\"\",\"publisher\":{\"@id\":\"https:\/\/franciscanashfic.org\/#organization\"},\"potentialAction\":[{\"@type\":\"SearchAction\",\"target\":{\"@type\":\"EntryPoint\",\"urlTemplate\":\"https:\/\/franciscanashfic.org\/?s={search_term_string}\"},\"query-input\":{\"@type\":\"PropertyValueSpecification\",\"valueRequired\":true,\"valueName\":\"search_term_string\"}}],\"inLanguage\":\"es\"},{\"@type\":\"Organization\",\"@id\":\"https:\/\/franciscanashfic.org\/#organization\",\"name\":\"Hermanas Franciscanas de la Inmaculada Concepci\u00f3n\",\"url\":\"https:\/\/franciscanashfic.org\/\",\"logo\":{\"@type\":\"ImageObject\",\"inLanguage\":\"es\",\"@id\":\"https:\/\/franciscanashfic.org\/#\/schema\/logo\/image\/\",\"url\":\"https:\/\/franciscanashfic.org\/wp-content\/uploads\/2022\/01\/icono.png\",\"contentUrl\":\"https:\/\/franciscanashfic.org\/wp-content\/uploads\/2022\/01\/icono.png\",\"width\":512,\"height\":512,\"caption\":\"Hermanas Franciscanas de la Inmaculada Concepci\u00f3n\"},\"image\":{\"@id\":\"https:\/\/franciscanashfic.org\/#\/schema\/logo\/image\/\"},\"sameAs\":[\"https:\/\/www.facebook.com\/hermanafranciscanadelainmaculadaconcepcion\",\"https:\/\/www.youtube.com\/@hficcasageneralmexico6665\"]}]}<\/script>\n<!-- \/ Yoast SEO plugin. -->","yoast_head_json":{"title":"Provincia de Nuestra Se\u00f1ora de Guadalupe - Hermanas Franciscanas de la Inmaculada Concepci\u00f3n","robots":{"index":"index","follow":"follow","max-snippet":"max-snippet:-1","max-image-preview":"max-image-preview:large","max-video-preview":"max-video-preview:-1"},"canonical":"https:\/\/franciscanashfic.org\/index.php\/provincia-de-nuestra-senora-de-guadalupe\/","og_locale":"es_MX","og_type":"article","og_title":"Provincia de Nuestra Se\u00f1ora de Guadalupe - Hermanas Franciscanas de la Inmaculada Concepci\u00f3n","og_description":"Nuestra Se\u00f1ora de GuadalupeLas dos provincias de M\u00e9xico se erigieron dentro de la Santa Misa el d\u00eda 15 de agosto de 1973 y el nombre de cada una se eligi\u00f3 el d\u00eda anterior por votaci\u00f3n secreta, quedando la Provincia del sur de M\u00e9xico con el nombre de \u201cNuestra Se\u00f1ora de Guadalupe\u201d. A las 17:00 horas [&hellip;]","og_url":"https:\/\/franciscanashfic.org\/index.php\/provincia-de-nuestra-senora-de-guadalupe\/","og_site_name":"Hermanas Franciscanas de la Inmaculada Concepci\u00f3n","article_publisher":"https:\/\/www.facebook.com\/hermanafranciscanadelainmaculadaconcepcion","article_modified_time":"2026-03-05T02:12:28+00:00","twitter_card":"summary_large_image","twitter_misc":{"Tiempo de lectura":"6 minutos"},"schema":{"@context":"https:\/\/schema.org","@graph":[{"@type":"WebPage","@id":"https:\/\/franciscanashfic.org\/index.php\/provincia-de-nuestra-senora-de-guadalupe\/","url":"https:\/\/franciscanashfic.org\/index.php\/provincia-de-nuestra-senora-de-guadalupe\/","name":"Provincia de Nuestra Se\u00f1ora de Guadalupe - Hermanas Franciscanas de la Inmaculada Concepci\u00f3n","isPartOf":{"@id":"https:\/\/franciscanashfic.org\/#website"},"datePublished":"2022-01-17T08:19:54+00:00","dateModified":"2026-03-05T02:12:28+00:00","breadcrumb":{"@id":"https:\/\/franciscanashfic.org\/index.php\/provincia-de-nuestra-senora-de-guadalupe\/#breadcrumb"},"inLanguage":"es","potentialAction":[{"@type":"ReadAction","target":["https:\/\/franciscanashfic.org\/index.php\/provincia-de-nuestra-senora-de-guadalupe\/"]}]},{"@type":"BreadcrumbList","@id":"https:\/\/franciscanashfic.org\/index.php\/provincia-de-nuestra-senora-de-guadalupe\/#breadcrumb","itemListElement":[{"@type":"ListItem","position":1,"name":"Inicio","item":"https:\/\/franciscanashfic.org\/"},{"@type":"ListItem","position":2,"name":"Provincia de Nuestra Se\u00f1ora de Guadalupe"}]},{"@type":"WebSite","@id":"https:\/\/franciscanashfic.org\/#website","url":"https:\/\/franciscanashfic.org\/","name":"Hermanas Franciscanas de la Inmaculada Concepci\u00f3n","description":"","publisher":{"@id":"https:\/\/franciscanashfic.org\/#organization"},"potentialAction":[{"@type":"SearchAction","target":{"@type":"EntryPoint","urlTemplate":"https:\/\/franciscanashfic.org\/?s={search_term_string}"},"query-input":{"@type":"PropertyValueSpecification","valueRequired":true,"valueName":"search_term_string"}}],"inLanguage":"es"},{"@type":"Organization","@id":"https:\/\/franciscanashfic.org\/#organization","name":"Hermanas Franciscanas de la Inmaculada Concepci\u00f3n","url":"https:\/\/franciscanashfic.org\/","logo":{"@type":"ImageObject","inLanguage":"es","@id":"https:\/\/franciscanashfic.org\/#\/schema\/logo\/image\/","url":"https:\/\/franciscanashfic.org\/wp-content\/uploads\/2022\/01\/icono.png","contentUrl":"https:\/\/franciscanashfic.org\/wp-content\/uploads\/2022\/01\/icono.png","width":512,"height":512,"caption":"Hermanas Franciscanas de la Inmaculada Concepci\u00f3n"},"image":{"@id":"https:\/\/franciscanashfic.org\/#\/schema\/logo\/image\/"},"sameAs":["https:\/\/www.facebook.com\/hermanafranciscanadelainmaculadaconcepcion","https:\/\/www.youtube.com\/@hficcasageneralmexico6665"]}]}},"_links":{"self":[{"href":"https:\/\/franciscanashfic.org\/index.php\/wp-json\/wp\/v2\/pages\/229","targetHints":{"allow":["GET"]}}],"collection":[{"href":"https:\/\/franciscanashfic.org\/index.php\/wp-json\/wp\/v2\/pages"}],"about":[{"href":"https:\/\/franciscanashfic.org\/index.php\/wp-json\/wp\/v2\/types\/page"}],"author":[{"embeddable":true,"href":"https:\/\/franciscanashfic.org\/index.php\/wp-json\/wp\/v2\/users\/1"}],"replies":[{"embeddable":true,"href":"https:\/\/franciscanashfic.org\/index.php\/wp-json\/wp\/v2\/comments?post=229"}],"version-history":[{"count":13,"href":"https:\/\/franciscanashfic.org\/index.php\/wp-json\/wp\/v2\/pages\/229\/revisions"}],"predecessor-version":[{"id":2240,"href":"https:\/\/franciscanashfic.org\/index.php\/wp-json\/wp\/v2\/pages\/229\/revisions\/2240"}],"wp:attachment":[{"href":"https:\/\/franciscanashfic.org\/index.php\/wp-json\/wp\/v2\/media?parent=229"}],"curies":[{"name":"wp","href":"https:\/\/api.w.org\/{rel}","templated":true}]}}