{"id":226,"date":"2022-01-17T08:18:37","date_gmt":"2022-01-17T08:18:37","guid":{"rendered":"https:\/\/franciscanashfic.org\/?page_id=226"},"modified":"2026-03-04T21:59:21","modified_gmt":"2026-03-04T21:59:21","slug":"provincia-de-santa-clara-de-asis","status":"publish","type":"page","link":"https:\/\/franciscanashfic.org\/index.php\/provincia-de-santa-clara-de-asis\/","title":{"rendered":"Provincia de Santa Clara de As\u00eds"},"content":{"rendered":"<p>[et_pb_section fb_built=&#8221;1&#8243; _builder_version=&#8221;4.18.0&#8243; _module_preset=&#8221;default&#8221; use_background_color_gradient=&#8221;on&#8221; background_color_gradient_direction=&#8221;248deg&#8221; background_color_gradient_stops=&#8221;rgba(255,255,255,0) 35%|#ffffff 100%&#8221; background_color_gradient_overlays_image=&#8221;on&#8221; background_color_gradient_start=&#8221;rgba(255,255,255,0)&#8221; background_color_gradient_end=&#8221;#ffffff&#8221; background_color_gradient_end_position=&#8221;60%&#8221; background_image=&#8221;https:\/\/franciscanashfic.org\/wp-content\/uploads\/2022\/10\/WhatsApp-Image-2022-08-24-at-5.27.37-PM-1.jpeg&#8221; custom_margin=&#8221;0px|0px|0px|0px|false|false&#8221; custom_padding=&#8221;0px|0px|0px|0px|false|false&#8221; global_colors_info=&#8221;{}&#8221;][et_pb_row _builder_version=&#8221;4.16&#8243; custom_margin=&#8221;0px|0px|0px|0px|false|false&#8221; custom_padding=&#8221;12px|||||&#8221; global_colors_info=&#8221;{}&#8221;][et_pb_column type=&#8221;4_4&#8243; _builder_version=&#8221;4.16&#8243; custom_padding=&#8221;|||&#8221; global_colors_info=&#8221;{}&#8221; custom_padding__hover=&#8221;|||&#8221;][et_pb_text _builder_version=&#8221;4.16&#8243; _module_preset=&#8221;default&#8221; header_2_font=&#8221;||||||||&#8221; header_2_text_color=&#8221;#FFFFFF&#8221; header_2_font_size=&#8221;48px&#8221; background_color=&#8221;#002d62&#8243; custom_margin=&#8221;300px|300px||-200px|false|false&#8221; custom_padding=&#8221;10px|25px|10px|25px|false|false&#8221; global_colors_info=&#8221;{}&#8221;]<\/p>\n<h2 style=\"text-align: right;\">Provincia de Santa Clara de As\u00eds<\/h2>\n<p>[\/et_pb_text][\/et_pb_column][\/et_pb_row][\/et_pb_section][et_pb_section fb_built=&#8221;1&#8243; _builder_version=&#8221;4.16&#8243; _module_preset=&#8221;default&#8221; custom_padding=&#8221;2px||0px|||&#8221; global_colors_info=&#8221;{}&#8221;][et_pb_row column_structure=&#8221;3_5,2_5&#8243; _builder_version=&#8221;4.16&#8243; _module_preset=&#8221;default&#8221; custom_margin=&#8221;|auto|20px|auto||&#8221; global_colors_info=&#8221;{}&#8221;][et_pb_column type=&#8221;3_5&#8243; _builder_version=&#8221;4.16&#8243; _module_preset=&#8221;default&#8221; global_colors_info=&#8221;{}&#8221;][et_pb_text _builder_version=&#8221;4.18.0&#8243; _module_preset=&#8221;default&#8221; text_font_size=&#8221;20px&#8221; text_line_height=&#8221;1.8em&#8221; global_colors_info=&#8221;{}&#8221;]<\/p>\n<p>El 13 de junio de 1971, d\u00eda dedicado al Doctor de la Iglesia, San Antonio de Padua se erigi\u00f3 la Provincia en territorio norteamericano, bajo el t\u00edtulo de <strong>&#8220;Santa Clara de As\u00eds&#8221;.<\/strong><\/p>\n<p>La celebraci\u00f3n del Cap\u00edtulo, se llev\u00f3 a cabo en la casa de retiro &#8220;El Poverello de As\u00eds&#8221; en San Fernando, California.<\/p>\n<p>En el mes de octubre de 1971 se realiz\u00f3 la Visita can\u00f3nica a las 10 casas que formar\u00edan la Provincia. Las hermanas de Tijuana, Baja California, y Hermosillo, Sonora aceptaron la decisi\u00f3n del Cap\u00edtulo General para formar parte de la Provincia de Estados Unidos con el objeto de aumentar el personal necesario para su erecci\u00f3n.<\/p>\n<p>[\/et_pb_text][\/et_pb_column][et_pb_column type=&#8221;2_5&#8243; _builder_version=&#8221;4.16&#8243; _module_preset=&#8221;default&#8221; global_colors_info=&#8221;{}&#8221;][et_pb_image src=&#8221;https:\/\/franciscanashfic.org\/wp-content\/uploads\/2022\/10\/WhatsApp-Image-2022-08-24-at-5.27.37-PM-3.jpeg&#8221; title_text=&#8221;WhatsApp Image 2022-08-24 at 5.27.37 PM (3)&#8221; _builder_version=&#8221;4.18.0&#8243; _module_preset=&#8221;default&#8221; custom_margin=&#8221;|-180px|||false|false&#8221; global_colors_info=&#8221;{}&#8221;][\/et_pb_image][\/et_pb_column][\/et_pb_row][et_pb_row _builder_version=&#8221;4.16&#8243; _module_preset=&#8221;default&#8221; global_colors_info=&#8221;{}&#8221;][et_pb_column type=&#8221;4_4&#8243; _builder_version=&#8221;4.16&#8243; _module_preset=&#8221;default&#8221; global_colors_info=&#8221;{}&#8221;][et_pb_text _builder_version=&#8221;4.16&#8243; _module_preset=&#8221;default&#8221; header_2_font=&#8221;||||||||&#8221; header_2_text_color=&#8221;#FFFFFF&#8221; header_2_font_size=&#8221;48px&#8221; background_color=&#8221;#002d62&#8243; custom_margin=&#8221;|450px||-200px|false|false&#8221; custom_padding=&#8221;10px|25px|10px|25px|false|false&#8221; global_colors_info=&#8221;{}&#8221;]<\/p>\n<h2 style=\"text-align: right;\">Ubicaci\u00f3n<\/h2>\n<p>[\/et_pb_text][\/et_pb_column][\/et_pb_row][et_pb_row column_structure=&#8221;3_5,2_5&#8243; _builder_version=&#8221;4.16&#8243; _module_preset=&#8221;default&#8221; global_colors_info=&#8221;{}&#8221;][et_pb_column type=&#8221;3_5&#8243; _builder_version=&#8221;4.16&#8243; _module_preset=&#8221;default&#8221; global_colors_info=&#8221;{}&#8221;][et_pb_blurb title=&#8221;Provincia de Santa Clara de As\u00eds&#8221; image=&#8221;https:\/\/franciscanashfic.org\/wp-content\/uploads\/2022\/10\/WhatsApp-Image-2022-08-24-at-5.27.37-PM-2.jpeg&#8221; _builder_version=&#8221;4.18.0&#8243; _module_preset=&#8221;default&#8221; header_level=&#8221;h2&#8243; header_text_align=&#8221;center&#8221; header_line_height=&#8221;1.2em&#8221; global_colors_info=&#8221;{}&#8221;][\/et_pb_blurb][\/et_pb_column][et_pb_column type=&#8221;2_5&#8243; _builder_version=&#8221;4.16&#8243; _module_preset=&#8221;default&#8221; global_colors_info=&#8221;{}&#8221;][et_pb_code _builder_version=&#8221;4.18.0&#8243; _module_preset=&#8221;default&#8221; global_colors_info=&#8221;{}&#8221;]<iframe src=\"https:\/\/www.google.com\/maps\/embed?pb=!1m18!1m12!1m3!1d582.552747092976!2d-118.45331689069093!3d34.31442411356655!2m3!1f0!2f0!3f0!3m2!1i1024!2i768!4f13.1!3m3!1m2!1s0x80c28fc50de1d3ad%3A0xe3a6a5b8ea55270!2sFranciscan%20Sisters%20St.%20Josephs%20Convent!5e0!3m2!1ses!2smx!4v1665165752064!5m2!1ses!2smx\" width=\"400\" height=\"300\" style=\"border:0;\" allowfullscreen=\"\" loading=\"lazy\" referrerpolicy=\"no-referrer-when-downgrade\"><\/iframe>[\/et_pb_code][et_pb_text _builder_version=&#8221;4.19.2&#8243; _module_preset=&#8221;default&#8221; global_colors_info=&#8221;{}&#8221;]<\/p>\n<p>13367 Borden Ave. Unit A Sylmar, CA 91342-2831<\/p>\n<p>[\/et_pb_text][\/et_pb_column][\/et_pb_row][et_pb_row column_structure=&#8221;3_5,2_5&#8243; _builder_version=&#8221;4.17.4&#8243; _module_preset=&#8221;default&#8221; global_colors_info=&#8221;{}&#8221;][et_pb_column type=&#8221;3_5&#8243; _builder_version=&#8221;4.17.4&#8243; _module_preset=&#8221;default&#8221; global_colors_info=&#8221;{}&#8221;][et_pb_image src=&#8221;https:\/\/franciscanashfic.org\/wp-content\/uploads\/2022\/10\/SCA.jpg&#8221; title_text=&#8221;SCA&#8221; _builder_version=&#8221;4.18.0&#8243; _module_preset=&#8221;default&#8221; global_colors_info=&#8221;{}&#8221;][\/et_pb_image][\/et_pb_column][et_pb_column type=&#8221;2_5&#8243; _builder_version=&#8221;4.17.4&#8243; _module_preset=&#8221;default&#8221; global_colors_info=&#8221;{}&#8221;][et_pb_text _builder_version=&#8221;4.19.2&#8243; _module_preset=&#8221;default&#8221; text_font=&#8221;||||||||&#8221; text_line_height=&#8221;1.8em&#8221; header_2_font=&#8221;|600|||||||&#8221; header_2_text_color=&#8221;#7c0040&#8243; header_2_font_size=&#8221;30px&#8221; header_3_font=&#8221;|700||on|||||&#8221; header_4_font=&#8221;|600|||||||&#8221; header_4_text_color=&#8221;#002d62&#8243; header_4_font_size=&#8221;20px&#8221; header_5_font_size=&#8221;20px&#8221; locked=&#8221;off&#8221; global_colors_info=&#8221;{}&#8221;]<\/p>\n<h2 style=\"text-align: center;\">Provincia de Santa Clara de As\u00eds<\/h2>\n<h3 style=\"text-align: center;\">Estados Unidos y Norte de M\u00e9xico<\/h3>\n<p>&nbsp;<\/p>\n<h4>Estados Unidos<\/h4>\n<p>California<br \/>Wisconsin<\/p>\n<h4>M\u00e9xico<\/h4>\n<p>Baja California<br \/>Sonora<\/p>\n<p>[\/et_pb_text][\/et_pb_column][\/et_pb_row][\/et_pb_section][et_pb_section fb_built=&#8221;1&#8243; _builder_version=&#8221;4.19.2&#8243; _module_preset=&#8221;default&#8221; custom_padding=&#8221;0px|||||&#8221; locked=&#8221;off&#8221; global_colors_info=&#8221;{}&#8221;][et_pb_row _builder_version=&#8221;4.16&#8243; _module_preset=&#8221;default&#8221; global_colors_info=&#8221;{}&#8221;][et_pb_column type=&#8221;4_4&#8243; _builder_version=&#8221;4.16&#8243; _module_preset=&#8221;default&#8221; global_colors_info=&#8221;{}&#8221;][et_pb_text _builder_version=&#8221;4.16&#8243; _module_preset=&#8221;default&#8221; header_2_font=&#8221;||||||||&#8221; header_2_text_color=&#8221;#FFFFFF&#8221; header_2_font_size=&#8221;48px&#8221; background_color=&#8221;#002d62&#8243; custom_margin=&#8221;|450px||-200px|false|false&#8221; custom_padding=&#8221;10px|25px|10px|25px|false|false&#8221; global_colors_info=&#8221;{}&#8221;]<\/p>\n<h2 style=\"text-align: right;\">Contacto<\/h2>\n<p>[\/et_pb_text][\/et_pb_column][\/et_pb_row][et_pb_row column_structure=&#8221;1_2,1_2&#8243; _builder_version=&#8221;4.19.2&#8243; _module_preset=&#8221;default&#8221; global_colors_info=&#8221;{}&#8221;][et_pb_column type=&#8221;1_2&#8243; _builder_version=&#8221;4.19.2&#8243; _module_preset=&#8221;default&#8221; global_colors_info=&#8221;{}&#8221;][et_pb_blurb title=&#8221;P\u00e1gina web&#8221; use_icon=&#8221;on&#8221; font_icon=&#8221;&#xf0ac;||fa||900&#8243; icon_placement=&#8221;left&#8221; _builder_version=&#8221;4.27.6&#8243; _module_preset=&#8221;default&#8221; hover_enabled=&#8221;0&#8243; global_colors_info=&#8221;{}&#8221; sticky_enabled=&#8221;0&#8243;]<\/p>\n<p><a href=\"https:\/\/www.franciscanmissionarysisters.com\" target=\"_blank\" rel=\"noopener\"><span>www.franciscanmissionarysisters.com<\/span><\/a><\/p>\n<p>[\/et_pb_blurb][et_pb_blurb title=&#8221;Tel\u00e9fono&#8221; use_icon=&#8221;on&#8221; font_icon=&#8221;&#xf232;||fa||400&#8243; icon_placement=&#8221;left&#8221; _builder_version=&#8221;4.27.6&#8243; _module_preset=&#8221;default&#8221; hover_enabled=&#8221;0&#8243; global_colors_info=&#8221;{}&#8221; sticky_enabled=&#8221;0&#8243;]<\/p>\n<p><span>+213 804-6297<\/span><\/p>\n<p>[\/et_pb_blurb][et_pb_blurb title=&#8221;Correo electr\u00f3nico&#8221; use_icon=&#8221;on&#8221; font_icon=&#8221;&#xf0e0;||fa||400&#8243; icon_placement=&#8221;left&#8221; _builder_version=&#8221;4.27.6&#8243; _module_preset=&#8221;default&#8221; hover_enabled=&#8221;0&#8243; global_colors_info=&#8221;{}&#8221; sticky_enabled=&#8221;0&#8243;]<\/p>\n<p><span>sistersfranciscan094@gmail.com<\/span><\/p>\n<p>[\/et_pb_blurb][\/et_pb_column][et_pb_column type=&#8221;1_2&#8243; _builder_version=&#8221;4.19.2&#8243; _module_preset=&#8221;default&#8221; global_colors_info=&#8221;{}&#8221;][et_pb_blurb title=&#8221;Facebook&#8221; use_icon=&#8221;on&#8221; font_icon=&#8221;&#xf082;||fa||400&#8243; icon_placement=&#8221;left&#8221; _builder_version=&#8221;4.27.6&#8243; _module_preset=&#8221;default&#8221; hover_enabled=&#8221;0&#8243; global_colors_info=&#8221;{}&#8221; sticky_enabled=&#8221;0&#8243;]<\/p>\n<p><a href=\"https:\/\/www.facebook.com\/discernimiento.vocacional.hijas.del.cora\" target=\"_blank\" rel=\"noopener\">www.facebook.com\/discernimiento.vocacional.hijas.del.cora<\/a><\/p>\n<p>[\/et_pb_blurb][et_pb_blurb title=&#8221;Instagram&#8221; use_icon=&#8221;on&#8221; font_icon=&#8221;&#xf16d;||fa||400&#8243; icon_placement=&#8221;left&#8221; _builder_version=&#8221;4.27.6&#8243; _module_preset=&#8221;default&#8221; hover_enabled=&#8221;0&#8243; global_colors_info=&#8221;{}&#8221; sticky_enabled=&#8221;0&#8243;]<\/p>\n<p><a href=\"https:www.instagram.com\/hermanas_franciscanas_\" target=\"_blank\" rel=\"noopener\">www.instagram.com\/hermanas_franciscanas_<\/a><\/p>\n<p>[\/et_pb_blurb][\/et_pb_column][\/et_pb_row][\/et_pb_section]<\/p>\n","protected":false},"excerpt":{"rendered":"<p>Provincia de Santa Clara de As\u00edsEl 13 de junio de 1971, d\u00eda dedicado al Doctor de la Iglesia, San Antonio de Padua se erigi\u00f3 la Provincia en territorio norteamericano, bajo el t\u00edtulo de &#8220;Santa Clara de As\u00eds&#8221;. La celebraci\u00f3n del Cap\u00edtulo, se llev\u00f3 a cabo en la casa de retiro &#8220;El Poverello de As\u00eds&#8221; en [&hellip;]<\/p>\n","protected":false},"author":1,"featured_media":0,"parent":0,"menu_order":0,"comment_status":"closed","ping_status":"closed","template":"","meta":{"_et_pb_use_builder":"on","_et_pb_old_content":"","_et_gb_content_width":"","footnotes":""},"class_list":["post-226","page","type-page","status-publish","hentry"],"yoast_head":"<!-- This site is optimized with the Yoast SEO plugin v27.2 - https:\/\/yoast.com\/product\/yoast-seo-wordpress\/ -->\n<title>Provincia de Santa Clara de As\u00eds - Hermanas Franciscanas de la Inmaculada Concepci\u00f3n<\/title>\n<meta name=\"robots\" content=\"index, follow, max-snippet:-1, max-image-preview:large, max-video-preview:-1\" \/>\n<link rel=\"canonical\" href=\"https:\/\/franciscanashfic.org\/index.php\/provincia-de-santa-clara-de-asis\/\" \/>\n<meta property=\"og:locale\" content=\"es_MX\" \/>\n<meta property=\"og:type\" content=\"article\" \/>\n<meta property=\"og:title\" content=\"Provincia de Santa Clara de As\u00eds - Hermanas Franciscanas de la Inmaculada Concepci\u00f3n\" \/>\n<meta property=\"og:description\" content=\"Provincia de Santa Clara de As\u00edsEl 13 de junio de 1971, d\u00eda dedicado al Doctor de la Iglesia, San Antonio de Padua se erigi\u00f3 la Provincia en territorio norteamericano, bajo el t\u00edtulo de &quot;Santa Clara de As\u00eds&quot;. La celebraci\u00f3n del Cap\u00edtulo, se llev\u00f3 a cabo en la casa de retiro &quot;El Poverello de As\u00eds&quot; en [&hellip;]\" \/>\n<meta property=\"og:url\" content=\"https:\/\/franciscanashfic.org\/index.php\/provincia-de-santa-clara-de-asis\/\" \/>\n<meta property=\"og:site_name\" content=\"Hermanas Franciscanas de la Inmaculada Concepci\u00f3n\" \/>\n<meta property=\"article:publisher\" content=\"https:\/\/www.facebook.com\/hermanafranciscanadelainmaculadaconcepcion\" \/>\n<meta property=\"article:modified_time\" content=\"2026-03-04T21:59:21+00:00\" \/>\n<meta name=\"twitter:card\" content=\"summary_large_image\" \/>\n<meta name=\"twitter:label1\" content=\"Tiempo de lectura\" \/>\n\t<meta name=\"twitter:data1\" content=\"5 minutos\" \/>\n<script type=\"application\/ld+json\" class=\"yoast-schema-graph\">{\"@context\":\"https:\/\/schema.org\",\"@graph\":[{\"@type\":\"WebPage\",\"@id\":\"https:\/\/franciscanashfic.org\/index.php\/provincia-de-santa-clara-de-asis\/\",\"url\":\"https:\/\/franciscanashfic.org\/index.php\/provincia-de-santa-clara-de-asis\/\",\"name\":\"Provincia de Santa Clara de As\u00eds - Hermanas Franciscanas de la Inmaculada Concepci\u00f3n\",\"isPartOf\":{\"@id\":\"https:\/\/franciscanashfic.org\/#website\"},\"datePublished\":\"2022-01-17T08:18:37+00:00\",\"dateModified\":\"2026-03-04T21:59:21+00:00\",\"breadcrumb\":{\"@id\":\"https:\/\/franciscanashfic.org\/index.php\/provincia-de-santa-clara-de-asis\/#breadcrumb\"},\"inLanguage\":\"es\",\"potentialAction\":[{\"@type\":\"ReadAction\",\"target\":[\"https:\/\/franciscanashfic.org\/index.php\/provincia-de-santa-clara-de-asis\/\"]}]},{\"@type\":\"BreadcrumbList\",\"@id\":\"https:\/\/franciscanashfic.org\/index.php\/provincia-de-santa-clara-de-asis\/#breadcrumb\",\"itemListElement\":[{\"@type\":\"ListItem\",\"position\":1,\"name\":\"Inicio\",\"item\":\"https:\/\/franciscanashfic.org\/\"},{\"@type\":\"ListItem\",\"position\":2,\"name\":\"Provincia de Santa Clara de As\u00eds\"}]},{\"@type\":\"WebSite\",\"@id\":\"https:\/\/franciscanashfic.org\/#website\",\"url\":\"https:\/\/franciscanashfic.org\/\",\"name\":\"Hermanas Franciscanas de la Inmaculada Concepci\u00f3n\",\"description\":\"\",\"publisher\":{\"@id\":\"https:\/\/franciscanashfic.org\/#organization\"},\"potentialAction\":[{\"@type\":\"SearchAction\",\"target\":{\"@type\":\"EntryPoint\",\"urlTemplate\":\"https:\/\/franciscanashfic.org\/?s={search_term_string}\"},\"query-input\":{\"@type\":\"PropertyValueSpecification\",\"valueRequired\":true,\"valueName\":\"search_term_string\"}}],\"inLanguage\":\"es\"},{\"@type\":\"Organization\",\"@id\":\"https:\/\/franciscanashfic.org\/#organization\",\"name\":\"Hermanas Franciscanas de la Inmaculada Concepci\u00f3n\",\"url\":\"https:\/\/franciscanashfic.org\/\",\"logo\":{\"@type\":\"ImageObject\",\"inLanguage\":\"es\",\"@id\":\"https:\/\/franciscanashfic.org\/#\/schema\/logo\/image\/\",\"url\":\"https:\/\/franciscanashfic.org\/wp-content\/uploads\/2022\/01\/icono.png\",\"contentUrl\":\"https:\/\/franciscanashfic.org\/wp-content\/uploads\/2022\/01\/icono.png\",\"width\":512,\"height\":512,\"caption\":\"Hermanas Franciscanas de la Inmaculada Concepci\u00f3n\"},\"image\":{\"@id\":\"https:\/\/franciscanashfic.org\/#\/schema\/logo\/image\/\"},\"sameAs\":[\"https:\/\/www.facebook.com\/hermanafranciscanadelainmaculadaconcepcion\",\"https:\/\/www.youtube.com\/@hficcasageneralmexico6665\"]}]}<\/script>\n<!-- \/ Yoast SEO plugin. -->","yoast_head_json":{"title":"Provincia de Santa Clara de As\u00eds - Hermanas Franciscanas de la Inmaculada Concepci\u00f3n","robots":{"index":"index","follow":"follow","max-snippet":"max-snippet:-1","max-image-preview":"max-image-preview:large","max-video-preview":"max-video-preview:-1"},"canonical":"https:\/\/franciscanashfic.org\/index.php\/provincia-de-santa-clara-de-asis\/","og_locale":"es_MX","og_type":"article","og_title":"Provincia de Santa Clara de As\u00eds - Hermanas Franciscanas de la Inmaculada Concepci\u00f3n","og_description":"Provincia de Santa Clara de As\u00edsEl 13 de junio de 1971, d\u00eda dedicado al Doctor de la Iglesia, San Antonio de Padua se erigi\u00f3 la Provincia en territorio norteamericano, bajo el t\u00edtulo de \"Santa Clara de As\u00eds\". La celebraci\u00f3n del Cap\u00edtulo, se llev\u00f3 a cabo en la casa de retiro \"El Poverello de As\u00eds\" en [&hellip;]","og_url":"https:\/\/franciscanashfic.org\/index.php\/provincia-de-santa-clara-de-asis\/","og_site_name":"Hermanas Franciscanas de la Inmaculada Concepci\u00f3n","article_publisher":"https:\/\/www.facebook.com\/hermanafranciscanadelainmaculadaconcepcion","article_modified_time":"2026-03-04T21:59:21+00:00","twitter_card":"summary_large_image","twitter_misc":{"Tiempo de lectura":"5 minutos"},"schema":{"@context":"https:\/\/schema.org","@graph":[{"@type":"WebPage","@id":"https:\/\/franciscanashfic.org\/index.php\/provincia-de-santa-clara-de-asis\/","url":"https:\/\/franciscanashfic.org\/index.php\/provincia-de-santa-clara-de-asis\/","name":"Provincia de Santa Clara de As\u00eds - Hermanas Franciscanas de la Inmaculada Concepci\u00f3n","isPartOf":{"@id":"https:\/\/franciscanashfic.org\/#website"},"datePublished":"2022-01-17T08:18:37+00:00","dateModified":"2026-03-04T21:59:21+00:00","breadcrumb":{"@id":"https:\/\/franciscanashfic.org\/index.php\/provincia-de-santa-clara-de-asis\/#breadcrumb"},"inLanguage":"es","potentialAction":[{"@type":"ReadAction","target":["https:\/\/franciscanashfic.org\/index.php\/provincia-de-santa-clara-de-asis\/"]}]},{"@type":"BreadcrumbList","@id":"https:\/\/franciscanashfic.org\/index.php\/provincia-de-santa-clara-de-asis\/#breadcrumb","itemListElement":[{"@type":"ListItem","position":1,"name":"Inicio","item":"https:\/\/franciscanashfic.org\/"},{"@type":"ListItem","position":2,"name":"Provincia de Santa Clara de As\u00eds"}]},{"@type":"WebSite","@id":"https:\/\/franciscanashfic.org\/#website","url":"https:\/\/franciscanashfic.org\/","name":"Hermanas Franciscanas de la Inmaculada Concepci\u00f3n","description":"","publisher":{"@id":"https:\/\/franciscanashfic.org\/#organization"},"potentialAction":[{"@type":"SearchAction","target":{"@type":"EntryPoint","urlTemplate":"https:\/\/franciscanashfic.org\/?s={search_term_string}"},"query-input":{"@type":"PropertyValueSpecification","valueRequired":true,"valueName":"search_term_string"}}],"inLanguage":"es"},{"@type":"Organization","@id":"https:\/\/franciscanashfic.org\/#organization","name":"Hermanas Franciscanas de la Inmaculada Concepci\u00f3n","url":"https:\/\/franciscanashfic.org\/","logo":{"@type":"ImageObject","inLanguage":"es","@id":"https:\/\/franciscanashfic.org\/#\/schema\/logo\/image\/","url":"https:\/\/franciscanashfic.org\/wp-content\/uploads\/2022\/01\/icono.png","contentUrl":"https:\/\/franciscanashfic.org\/wp-content\/uploads\/2022\/01\/icono.png","width":512,"height":512,"caption":"Hermanas Franciscanas de la Inmaculada Concepci\u00f3n"},"image":{"@id":"https:\/\/franciscanashfic.org\/#\/schema\/logo\/image\/"},"sameAs":["https:\/\/www.facebook.com\/hermanafranciscanadelainmaculadaconcepcion","https:\/\/www.youtube.com\/@hficcasageneralmexico6665"]}]}},"_links":{"self":[{"href":"https:\/\/franciscanashfic.org\/index.php\/wp-json\/wp\/v2\/pages\/226","targetHints":{"allow":["GET"]}}],"collection":[{"href":"https:\/\/franciscanashfic.org\/index.php\/wp-json\/wp\/v2\/pages"}],"about":[{"href":"https:\/\/franciscanashfic.org\/index.php\/wp-json\/wp\/v2\/types\/page"}],"author":[{"embeddable":true,"href":"https:\/\/franciscanashfic.org\/index.php\/wp-json\/wp\/v2\/users\/1"}],"replies":[{"embeddable":true,"href":"https:\/\/franciscanashfic.org\/index.php\/wp-json\/wp\/v2\/comments?post=226"}],"version-history":[{"count":15,"href":"https:\/\/franciscanashfic.org\/index.php\/wp-json\/wp\/v2\/pages\/226\/revisions"}],"predecessor-version":[{"id":2231,"href":"https:\/\/franciscanashfic.org\/index.php\/wp-json\/wp\/v2\/pages\/226\/revisions\/2231"}],"wp:attachment":[{"href":"https:\/\/franciscanashfic.org\/index.php\/wp-json\/wp\/v2\/media?parent=226"}],"curies":[{"name":"wp","href":"https:\/\/api.w.org\/{rel}","templated":true}]}}