{"id":2174,"date":"2026-01-06T09:44:17","date_gmt":"2026-01-06T09:44:17","guid":{"rendered":"https:\/\/franciscanashfic.org\/?page_id=2174"},"modified":"2026-03-21T03:15:36","modified_gmt":"2026-03-21T03:15:36","slug":"region-san-francisco","status":"publish","type":"page","link":"https:\/\/franciscanashfic.org\/index.php\/region-san-francisco\/","title":{"rendered":"Regi\u00f3n San Francisco"},"content":{"rendered":"<p>[et_pb_section fb_built=&#8221;1&#8243; _builder_version=&#8221;4.27.6&#8243; _module_preset=&#8221;default&#8221; use_background_color_gradient=&#8221;on&#8221; background_color_gradient_direction=&#8221;248deg&#8221; background_color_gradient_stops=&#8221;rgba(255,255,255,0) 40%|#ffffff 100%&#8221; background_color_gradient_overlays_image=&#8221;on&#8221; background_color_gradient_start=&#8221;rgba(255,255,255,0)&#8221; background_color_gradient_end=&#8221;#ffffff&#8221; background_color_gradient_end_position=&#8221;60%&#8221; background_image=&#8221;https:\/\/franciscanashfic.org\/wp-content\/uploads\/2026\/03\/RegionSanFranciscoSudamerica.jpg&#8221; background_position=&#8221;bottom_center&#8221; background_vertical_offset=&#8221;40%&#8221; custom_margin=&#8221;0px|0px|0px|0px|false|false&#8221; custom_padding=&#8221;0px|0px|0px|0px|false|false&#8221; global_colors_info=&#8221;{}&#8221;][et_pb_row _builder_version=&#8221;4.16&#8243; custom_margin=&#8221;0px|0px|0px|0px|false|false&#8221; custom_padding=&#8221;12px|||||&#8221; global_colors_info=&#8221;{}&#8221;][et_pb_column type=&#8221;4_4&#8243; _builder_version=&#8221;4.16&#8243; custom_padding=&#8221;|||&#8221; global_colors_info=&#8221;{}&#8221; custom_padding__hover=&#8221;|||&#8221;][et_pb_text _builder_version=&#8221;4.27.5&#8243; _module_preset=&#8221;default&#8221; header_2_font=&#8221;||||||||&#8221; header_2_text_color=&#8221;#FFFFFF&#8221; header_2_font_size=&#8221;48px&#8221; background_color=&#8221;#002d62&#8243; custom_margin=&#8221;300px|300px||-200px|false|false&#8221; custom_padding=&#8221;10px|25px|10px|25px|false|false&#8221; global_colors_info=&#8221;{}&#8221;]<\/p>\n<h2 style=\"text-align: right;\">Regi\u00f3n San Francisco de As\u00eds<\/h2>\n<p>[\/et_pb_text][\/et_pb_column][\/et_pb_row][\/et_pb_section][et_pb_section fb_built=&#8221;1&#8243; _builder_version=&#8221;4.16&#8243; _module_preset=&#8221;default&#8221; custom_padding=&#8221;2px||5px|||&#8221; global_colors_info=&#8221;{}&#8221;][et_pb_row column_structure=&#8221;3_5,2_5&#8243; _builder_version=&#8221;4.16&#8243; _module_preset=&#8221;default&#8221; custom_margin=&#8221;|auto|48px|auto||&#8221; global_colors_info=&#8221;{}&#8221;][et_pb_column type=&#8221;3_5&#8243; _builder_version=&#8221;4.16&#8243; _module_preset=&#8221;default&#8221; global_colors_info=&#8221;{}&#8221;][et_pb_text _builder_version=&#8221;4.27.5&#8243; _module_preset=&#8221;default&#8221; text_font_size=&#8221;18px&#8221; text_line_height=&#8221;1.8em&#8221; global_colors_info=&#8221;{}&#8221;][\/et_pb_text][\/et_pb_column][et_pb_column type=&#8221;2_5&#8243; _builder_version=&#8221;4.16&#8243; _module_preset=&#8221;default&#8221; global_colors_info=&#8221;{}&#8221;][\/et_pb_column][\/et_pb_row][et_pb_row _builder_version=&#8221;4.16&#8243; _module_preset=&#8221;default&#8221; global_colors_info=&#8221;{}&#8221;][et_pb_column type=&#8221;4_4&#8243; _builder_version=&#8221;4.16&#8243; _module_preset=&#8221;default&#8221; global_colors_info=&#8221;{}&#8221;][et_pb_text _builder_version=&#8221;4.16&#8243; _module_preset=&#8221;default&#8221; header_2_font=&#8221;||||||||&#8221; header_2_text_color=&#8221;#FFFFFF&#8221; header_2_font_size=&#8221;48px&#8221; background_color=&#8221;#002d62&#8243; custom_margin=&#8221;|450px||-200px|false|false&#8221; custom_padding=&#8221;10px|25px|10px|25px|false|false&#8221; global_colors_info=&#8221;{}&#8221;]<\/p>\n<h2 style=\"text-align: right;\">Ubicaci\u00f3n<\/h2>\n<p>[\/et_pb_text][\/et_pb_column][\/et_pb_row][et_pb_row column_structure=&#8221;3_5,2_5&#8243; _builder_version=&#8221;4.16&#8243; _module_preset=&#8221;default&#8221; global_colors_info=&#8221;{}&#8221;][et_pb_column type=&#8221;3_5&#8243; _builder_version=&#8221;4.16&#8243; _module_preset=&#8221;default&#8221; global_colors_info=&#8221;{}&#8221;][et_pb_blurb title=&#8221;Regi\u00f3n de San Francisco De As\u00eds&#8221; image=&#8221;https:\/\/franciscanashfic.org\/wp-content\/uploads\/2026\/03\/RegionSanFranciscoSudamerica5.jpg&#8221; _builder_version=&#8221;4.27.6&#8243; _module_preset=&#8221;default&#8221; header_level=&#8221;h2&#8243; header_text_align=&#8221;center&#8221; header_font_size=&#8221;26px&#8221; header_line_height=&#8221;1.2em&#8221; global_colors_info=&#8221;{}&#8221;][\/et_pb_blurb][\/et_pb_column][et_pb_column type=&#8221;2_5&#8243; _builder_version=&#8221;4.16&#8243; _module_preset=&#8221;default&#8221; global_colors_info=&#8221;{}&#8221;][et_pb_code _builder_version=&#8221;4.27.6&#8243; _module_preset=&#8221;default&#8221; global_colors_info=&#8221;{}&#8221;]<iframe src=\"https:\/\/www.google.com\/maps\/embed?pb=!1m18!1m12!1m3!1d975.6171831554846!2d-77.0865997304133!3d-12.011217687519865!2m3!1f0!2f0!3f0!3m2!1i1024!2i768!4f13.1!3m3!1m2!1s0x9105ce9192a7b29b%3A0x362f87b58025cd38!2sC.%20Manuel%20Clavero%202241%2C%20San%20Mart%C3%ADn%20de%20Porres%2015108%2C%20Per%C3%BA!5e0!3m2!1ses-419!2smx!4v1772340826668!5m2!1ses-419!2smx\" width=\"600\" height=\"350\" style=\"border:0;\" allowfullscreen=\"\" loading=\"lazy\" referrerpolicy=\"no-referrer-when-downgrade\"><\/iframe>[\/et_pb_code][et_pb_text _builder_version=&#8221;4.27.6&#8243; _module_preset=&#8221;default&#8221; global_colors_info=&#8221;{}&#8221;]<\/p>\n<p>Manuel Clavero 2241<br \/>San Mart\u00edn de Porres,<br \/>Lima, Per\u00fa<br \/>C.P. 15108<\/p>\n<p>[\/et_pb_text][\/et_pb_column][\/et_pb_row][et_pb_row column_structure=&#8221;3_5,2_5&#8243; _builder_version=&#8221;4.17.4&#8243; _module_preset=&#8221;default&#8221; global_colors_info=&#8221;{}&#8221;][et_pb_column type=&#8221;3_5&#8243; _builder_version=&#8221;4.17.4&#8243; _module_preset=&#8221;default&#8221; global_colors_info=&#8221;{}&#8221;][et_pb_image src=&#8221;https:\/\/franciscanashfic.org\/wp-content\/uploads\/2026\/03\/RegionSFA.jpg&#8221; title_text=&#8221;Regi\u00f3nSFA&#8221; _builder_version=&#8221;4.27.6&#8243; _module_preset=&#8221;default&#8221; width=&#8221;80%&#8221; max_width=&#8221;80%&#8221; global_colors_info=&#8221;{}&#8221;][\/et_pb_image][\/et_pb_column][et_pb_column type=&#8221;2_5&#8243; _builder_version=&#8221;4.17.4&#8243; _module_preset=&#8221;default&#8221; global_colors_info=&#8221;{}&#8221;][et_pb_text _builder_version=&#8221;4.27.6&#8243; _module_preset=&#8221;default&#8221; header_2_font=&#8221;|600|||||||&#8221; header_2_text_color=&#8221;#7c0040&#8243; header_2_font_size=&#8221;30px&#8221; global_colors_info=&#8221;{}&#8221; sticky_enabled=&#8221;0&#8243; header_4_text_color=&#8221;#002d62&#8243; custom_padding=&#8221;||0px|||&#8221; hover_enabled=&#8221;0&#8243;]<\/p>\n<h2 style=\"text-align: center;\">Regi\u00f3n de San Francisco de As\u00eds<\/h2>\n<h3 style=\"text-align: center;\">Sudam\u00e9rica<\/h3>\n<p>&nbsp;<\/p>\n<h4>Per\u00fa<\/h4>\n<p>Lima<br \/>Ayacucho<br \/>Cusco<\/p>\n<h4>Chile<\/h4>\n<p>Santiago<\/p>\n<h4>Argentina<\/h4>\n<p>San Juan<\/p>\n<p>[\/et_pb_text][\/et_pb_column][\/et_pb_row][\/et_pb_section][et_pb_section fb_built=&#8221;1&#8243; _builder_version=&#8221;4.19.2&#8243; _module_preset=&#8221;default&#8221; custom_padding=&#8221;0px|||||&#8221; locked=&#8221;off&#8221; global_colors_info=&#8221;{}&#8221;][et_pb_row _builder_version=&#8221;4.16&#8243; _module_preset=&#8221;default&#8221; global_colors_info=&#8221;{}&#8221;][et_pb_column type=&#8221;4_4&#8243; _builder_version=&#8221;4.16&#8243; _module_preset=&#8221;default&#8221; global_colors_info=&#8221;{}&#8221;][et_pb_text _builder_version=&#8221;4.16&#8243; _module_preset=&#8221;default&#8221; header_2_font=&#8221;||||||||&#8221; header_2_text_color=&#8221;#FFFFFF&#8221; header_2_font_size=&#8221;48px&#8221; background_color=&#8221;#002d62&#8243; custom_margin=&#8221;|450px||-200px|false|false&#8221; custom_padding=&#8221;10px|25px|10px|25px|false|false&#8221; global_colors_info=&#8221;{}&#8221;]<\/p>\n<h2 style=\"text-align: right;\">Contacto<\/h2>\n<p>[\/et_pb_text][\/et_pb_column][\/et_pb_row][et_pb_row column_structure=&#8221;1_2,1_2&#8243; _builder_version=&#8221;4.19.2&#8243; _module_preset=&#8221;default&#8221; global_colors_info=&#8221;{}&#8221;][et_pb_column type=&#8221;1_2&#8243; _builder_version=&#8221;4.19.2&#8243; _module_preset=&#8221;default&#8221; global_colors_info=&#8221;{}&#8221;][et_pb_blurb title=&#8221;P\u00e1gina web&#8221; use_icon=&#8221;on&#8221; font_icon=&#8221;&#xf0ac;||fa||900&#8243; icon_placement=&#8221;left&#8221; _builder_version=&#8221;4.27.6&#8243; _module_preset=&#8221;default&#8221; global_colors_info=&#8221;{}&#8221;]<\/p>\n<p>En construcci\u00f3n<a href=\"https:\/\/www.hermanasfranciscanas.com.mx\" target=\"_blank\" rel=\"noopener\"><\/a><\/p>\n<p>[\/et_pb_blurb][et_pb_blurb title=&#8221;Tel\u00e9fono&#8221; use_icon=&#8221;on&#8221; font_icon=&#8221;&#xf232;||fa||400&#8243; icon_placement=&#8221;left&#8221; _builder_version=&#8221;4.27.6&#8243; _module_preset=&#8221;default&#8221; global_colors_info=&#8221;{}&#8221;]<\/p>\n<p><span>+51 963381672<\/span><\/p>\n<p>[\/et_pb_blurb][et_pb_blurb title=&#8221;Correo electr\u00f3nico&#8221; use_icon=&#8221;on&#8221; font_icon=&#8221;&#xf0e0;||fa||400&#8243; icon_placement=&#8221;left&#8221; _builder_version=&#8221;4.27.6&#8243; _module_preset=&#8221;default&#8221; global_colors_info=&#8221;{}&#8221;]<\/p>\n<p><span>regionsanfranciscodeasissahfic@gmail.com<\/span><\/p>\n<p>[\/et_pb_blurb][\/et_pb_column][et_pb_column type=&#8221;1_2&#8243; _builder_version=&#8221;4.19.2&#8243; _module_preset=&#8221;default&#8221; global_colors_info=&#8221;{}&#8221;][et_pb_blurb title=&#8221;Facebook&#8221; use_icon=&#8221;on&#8221; font_icon=&#8221;&#xf082;||fa||400&#8243; icon_placement=&#8221;left&#8221; _builder_version=&#8221;4.27.6&#8243; _module_preset=&#8221;default&#8221; global_colors_info=&#8221;{}&#8221;]<\/p>\n<p><a href=\"https:\/\/www.facebook.com\/regionsanfranciscodeasishficsuramerica\/\" target=\"_blank\" rel=\"noopener\">https:\/\/www.facebook.com\/regionsanfranciscodeasishficsuramerica\/<\/a><\/p>\n<p>[\/et_pb_blurb][et_pb_blurb title=&#8221;Instagram&#8221; use_icon=&#8221;on&#8221; font_icon=&#8221;&#xf16d;||fa||400&#8243; icon_placement=&#8221;left&#8221; _builder_version=&#8221;4.27.6&#8243; _module_preset=&#8221;default&#8221; global_colors_info=&#8221;{}&#8221;]<\/p>\n<p><a href=\"https:\/\/www.instagram.com\/regionsanfrancisco\/\" target=\"_blank\" rel=\"noopener\">https:\/\/www.instagram.com\/regionsanfrancisco\/<\/a><\/p>\n<p>[\/et_pb_blurb][et_pb_blurb title=&#8221;YouTube&#8221; use_icon=&#8221;on&#8221; font_icon=&#8221;&#xe0a3;||divi||400&#8243; icon_placement=&#8221;left&#8221; _builder_version=&#8221;4.27.6&#8243; _module_preset=&#8221;default&#8221; global_colors_info=&#8221;{}&#8221;]<\/p>\n<p><a href=\"https:\/\/www.youtube.com\/@RegionSanFranciscodeAs%C3%ADsSurAm%C3%A9\" target=\"_blank\" rel=\"noopener\">https:\/\/www.youtube.com\/@RegionSanFranciscodeAs\u00edsSurAm\u00e9<\/a><\/p>\n<p>[\/et_pb_blurb][et_pb_blurb title=&#8221;TikTok&#8221; use_icon=&#8221;on&#8221; font_icon=&#8221;&#xe07b;||fa||400&#8243; icon_placement=&#8221;left&#8221; _builder_version=&#8221;4.27.6&#8243; _module_preset=&#8221;default&#8221; global_colors_info=&#8221;{}&#8221;]<\/p>\n<p><a href=\"https:\/\/www.tiktok.com\/@region.san.franci\" target=\"_blank\" rel=\"noopener\">https:\/\/www.tiktok.com\/@region.san.franci<\/a><\/p>\n<p>[\/et_pb_blurb][\/et_pb_column][\/et_pb_row][\/et_pb_section]<\/p>\n","protected":false},"excerpt":{"rendered":"<p>Regi\u00f3n San Francisco de As\u00edsUbicaci\u00f3nManuel Clavero 2241San Mart\u00edn de Porres,Lima, Per\u00faC.P. 15108Regi\u00f3n de San Francisco de As\u00eds Sudam\u00e9rica &nbsp; Per\u00fa LimaAyacuchoCusco Chile Santiago Argentina San JuanContactoEn construcci\u00f3n+51 963381672regionsanfranciscodeasissahfic@gmail.comhttps:\/\/www.facebook.com\/regionsanfranciscodeasishficsuramerica\/https:\/\/www.instagram.com\/regionsanfrancisco\/https:\/\/www.youtube.com\/@RegionSanFranciscodeAs\u00edsSurAm\u00e9https:\/\/www.tiktok.com\/@region.san.franci<\/p>\n","protected":false},"author":1,"featured_media":0,"parent":0,"menu_order":0,"comment_status":"closed","ping_status":"closed","template":"","meta":{"_et_pb_use_builder":"on","_et_pb_old_content":"","_et_gb_content_width":"","footnotes":""},"class_list":["post-2174","page","type-page","status-publish","hentry"],"yoast_head":"<!-- This site is optimized with the Yoast SEO plugin v27.2 - https:\/\/yoast.com\/product\/yoast-seo-wordpress\/ -->\n<title>Regi\u00f3n San Francisco - Hermanas Franciscanas de la Inmaculada Concepci\u00f3n<\/title>\n<meta name=\"robots\" content=\"index, follow, max-snippet:-1, max-image-preview:large, max-video-preview:-1\" \/>\n<link rel=\"canonical\" href=\"https:\/\/franciscanashfic.org\/index.php\/region-san-francisco\/\" \/>\n<meta property=\"og:locale\" content=\"es_MX\" \/>\n<meta property=\"og:type\" content=\"article\" \/>\n<meta property=\"og:title\" content=\"Regi\u00f3n San Francisco - Hermanas Franciscanas de la Inmaculada Concepci\u00f3n\" \/>\n<meta property=\"og:description\" content=\"Regi\u00f3n San Francisco de As\u00edsUbicaci\u00f3nManuel Clavero 2241San Mart\u00edn de Porres,Lima, Per\u00faC.P. 15108Regi\u00f3n de San Francisco de As\u00eds Sudam\u00e9rica &nbsp; Per\u00fa LimaAyacuchoCusco Chile Santiago Argentina San JuanContactoEn construcci\u00f3n+51 963381672regionsanfranciscodeasissahfic@gmail.comhttps:\/\/www.facebook.com\/regionsanfranciscodeasishficsuramerica\/https:\/\/www.instagram.com\/regionsanfrancisco\/https:\/\/www.youtube.com\/@RegionSanFranciscodeAs\u00edsSurAm\u00e9https:\/\/www.tiktok.com\/@region.san.franci\" \/>\n<meta property=\"og:url\" content=\"https:\/\/franciscanashfic.org\/index.php\/region-san-francisco\/\" \/>\n<meta property=\"og:site_name\" content=\"Hermanas Franciscanas de la Inmaculada Concepci\u00f3n\" \/>\n<meta property=\"article:publisher\" content=\"https:\/\/www.facebook.com\/hermanafranciscanadelainmaculadaconcepcion\" \/>\n<meta property=\"article:modified_time\" content=\"2026-03-21T03:15:36+00:00\" \/>\n<meta name=\"twitter:card\" content=\"summary_large_image\" \/>\n<script type=\"application\/ld+json\" class=\"yoast-schema-graph\">{\"@context\":\"https:\/\/schema.org\",\"@graph\":[{\"@type\":\"WebPage\",\"@id\":\"https:\/\/franciscanashfic.org\/index.php\/region-san-francisco\/\",\"url\":\"https:\/\/franciscanashfic.org\/index.php\/region-san-francisco\/\",\"name\":\"Regi\u00f3n San Francisco - Hermanas Franciscanas de la Inmaculada Concepci\u00f3n\",\"isPartOf\":{\"@id\":\"https:\/\/franciscanashfic.org\/#website\"},\"datePublished\":\"2026-01-06T09:44:17+00:00\",\"dateModified\":\"2026-03-21T03:15:36+00:00\",\"breadcrumb\":{\"@id\":\"https:\/\/franciscanashfic.org\/index.php\/region-san-francisco\/#breadcrumb\"},\"inLanguage\":\"es\",\"potentialAction\":[{\"@type\":\"ReadAction\",\"target\":[\"https:\/\/franciscanashfic.org\/index.php\/region-san-francisco\/\"]}]},{\"@type\":\"BreadcrumbList\",\"@id\":\"https:\/\/franciscanashfic.org\/index.php\/region-san-francisco\/#breadcrumb\",\"itemListElement\":[{\"@type\":\"ListItem\",\"position\":1,\"name\":\"Inicio\",\"item\":\"https:\/\/franciscanashfic.org\/\"},{\"@type\":\"ListItem\",\"position\":2,\"name\":\"Regi\u00f3n San Francisco\"}]},{\"@type\":\"WebSite\",\"@id\":\"https:\/\/franciscanashfic.org\/#website\",\"url\":\"https:\/\/franciscanashfic.org\/\",\"name\":\"Hermanas Franciscanas de la Inmaculada Concepci\u00f3n\",\"description\":\"\",\"publisher\":{\"@id\":\"https:\/\/franciscanashfic.org\/#organization\"},\"potentialAction\":[{\"@type\":\"SearchAction\",\"target\":{\"@type\":\"EntryPoint\",\"urlTemplate\":\"https:\/\/franciscanashfic.org\/?s={search_term_string}\"},\"query-input\":{\"@type\":\"PropertyValueSpecification\",\"valueRequired\":true,\"valueName\":\"search_term_string\"}}],\"inLanguage\":\"es\"},{\"@type\":\"Organization\",\"@id\":\"https:\/\/franciscanashfic.org\/#organization\",\"name\":\"Hermanas Franciscanas de la Inmaculada Concepci\u00f3n\",\"url\":\"https:\/\/franciscanashfic.org\/\",\"logo\":{\"@type\":\"ImageObject\",\"inLanguage\":\"es\",\"@id\":\"https:\/\/franciscanashfic.org\/#\/schema\/logo\/image\/\",\"url\":\"https:\/\/franciscanashfic.org\/wp-content\/uploads\/2022\/01\/icono.png\",\"contentUrl\":\"https:\/\/franciscanashfic.org\/wp-content\/uploads\/2022\/01\/icono.png\",\"width\":512,\"height\":512,\"caption\":\"Hermanas Franciscanas de la Inmaculada Concepci\u00f3n\"},\"image\":{\"@id\":\"https:\/\/franciscanashfic.org\/#\/schema\/logo\/image\/\"},\"sameAs\":[\"https:\/\/www.facebook.com\/hermanafranciscanadelainmaculadaconcepcion\",\"https:\/\/www.youtube.com\/@hficcasageneralmexico6665\"]}]}<\/script>\n<!-- \/ Yoast SEO plugin. -->","yoast_head_json":{"title":"Regi\u00f3n San Francisco - Hermanas Franciscanas de la Inmaculada Concepci\u00f3n","robots":{"index":"index","follow":"follow","max-snippet":"max-snippet:-1","max-image-preview":"max-image-preview:large","max-video-preview":"max-video-preview:-1"},"canonical":"https:\/\/franciscanashfic.org\/index.php\/region-san-francisco\/","og_locale":"es_MX","og_type":"article","og_title":"Regi\u00f3n San Francisco - Hermanas Franciscanas de la Inmaculada Concepci\u00f3n","og_description":"Regi\u00f3n San Francisco de As\u00edsUbicaci\u00f3nManuel Clavero 2241San Mart\u00edn de Porres,Lima, Per\u00faC.P. 15108Regi\u00f3n de San Francisco de As\u00eds Sudam\u00e9rica &nbsp; Per\u00fa LimaAyacuchoCusco Chile Santiago Argentina San JuanContactoEn construcci\u00f3n+51 963381672regionsanfranciscodeasissahfic@gmail.comhttps:\/\/www.facebook.com\/regionsanfranciscodeasishficsuramerica\/https:\/\/www.instagram.com\/regionsanfrancisco\/https:\/\/www.youtube.com\/@RegionSanFranciscodeAs\u00edsSurAm\u00e9https:\/\/www.tiktok.com\/@region.san.franci","og_url":"https:\/\/franciscanashfic.org\/index.php\/region-san-francisco\/","og_site_name":"Hermanas Franciscanas de la Inmaculada Concepci\u00f3n","article_publisher":"https:\/\/www.facebook.com\/hermanafranciscanadelainmaculadaconcepcion","article_modified_time":"2026-03-21T03:15:36+00:00","twitter_card":"summary_large_image","schema":{"@context":"https:\/\/schema.org","@graph":[{"@type":"WebPage","@id":"https:\/\/franciscanashfic.org\/index.php\/region-san-francisco\/","url":"https:\/\/franciscanashfic.org\/index.php\/region-san-francisco\/","name":"Regi\u00f3n San Francisco - Hermanas Franciscanas de la Inmaculada Concepci\u00f3n","isPartOf":{"@id":"https:\/\/franciscanashfic.org\/#website"},"datePublished":"2026-01-06T09:44:17+00:00","dateModified":"2026-03-21T03:15:36+00:00","breadcrumb":{"@id":"https:\/\/franciscanashfic.org\/index.php\/region-san-francisco\/#breadcrumb"},"inLanguage":"es","potentialAction":[{"@type":"ReadAction","target":["https:\/\/franciscanashfic.org\/index.php\/region-san-francisco\/"]}]},{"@type":"BreadcrumbList","@id":"https:\/\/franciscanashfic.org\/index.php\/region-san-francisco\/#breadcrumb","itemListElement":[{"@type":"ListItem","position":1,"name":"Inicio","item":"https:\/\/franciscanashfic.org\/"},{"@type":"ListItem","position":2,"name":"Regi\u00f3n San Francisco"}]},{"@type":"WebSite","@id":"https:\/\/franciscanashfic.org\/#website","url":"https:\/\/franciscanashfic.org\/","name":"Hermanas Franciscanas de la Inmaculada Concepci\u00f3n","description":"","publisher":{"@id":"https:\/\/franciscanashfic.org\/#organization"},"potentialAction":[{"@type":"SearchAction","target":{"@type":"EntryPoint","urlTemplate":"https:\/\/franciscanashfic.org\/?s={search_term_string}"},"query-input":{"@type":"PropertyValueSpecification","valueRequired":true,"valueName":"search_term_string"}}],"inLanguage":"es"},{"@type":"Organization","@id":"https:\/\/franciscanashfic.org\/#organization","name":"Hermanas Franciscanas de la Inmaculada Concepci\u00f3n","url":"https:\/\/franciscanashfic.org\/","logo":{"@type":"ImageObject","inLanguage":"es","@id":"https:\/\/franciscanashfic.org\/#\/schema\/logo\/image\/","url":"https:\/\/franciscanashfic.org\/wp-content\/uploads\/2022\/01\/icono.png","contentUrl":"https:\/\/franciscanashfic.org\/wp-content\/uploads\/2022\/01\/icono.png","width":512,"height":512,"caption":"Hermanas Franciscanas de la Inmaculada Concepci\u00f3n"},"image":{"@id":"https:\/\/franciscanashfic.org\/#\/schema\/logo\/image\/"},"sameAs":["https:\/\/www.facebook.com\/hermanafranciscanadelainmaculadaconcepcion","https:\/\/www.youtube.com\/@hficcasageneralmexico6665"]}]}},"_links":{"self":[{"href":"https:\/\/franciscanashfic.org\/index.php\/wp-json\/wp\/v2\/pages\/2174","targetHints":{"allow":["GET"]}}],"collection":[{"href":"https:\/\/franciscanashfic.org\/index.php\/wp-json\/wp\/v2\/pages"}],"about":[{"href":"https:\/\/franciscanashfic.org\/index.php\/wp-json\/wp\/v2\/types\/page"}],"author":[{"embeddable":true,"href":"https:\/\/franciscanashfic.org\/index.php\/wp-json\/wp\/v2\/users\/1"}],"replies":[{"embeddable":true,"href":"https:\/\/franciscanashfic.org\/index.php\/wp-json\/wp\/v2\/comments?post=2174"}],"version-history":[{"count":8,"href":"https:\/\/franciscanashfic.org\/index.php\/wp-json\/wp\/v2\/pages\/2174\/revisions"}],"predecessor-version":[{"id":2314,"href":"https:\/\/franciscanashfic.org\/index.php\/wp-json\/wp\/v2\/pages\/2174\/revisions\/2314"}],"wp:attachment":[{"href":"https:\/\/franciscanashfic.org\/index.php\/wp-json\/wp\/v2\/media?parent=2174"}],"curies":[{"name":"wp","href":"https:\/\/api.w.org\/{rel}","templated":true}]}}